{"id":31536,"date":"2025-04-04T03:57:20","date_gmt":"2025-04-04T03:57:20","guid":{"rendered":"http:\/\/rma.legal\/politique-de-confidentialite-et-avis-juridique\/"},"modified":"2025-05-15T14:43:58","modified_gmt":"2025-05-15T14:43:58","slug":"politique-de-confidentialite-et-avis-juridique","status":"publish","type":"page","link":"https:\/\/rma.legal\/fr\/politique-de-confidentialite-et-avis-juridique\/","title":{"rendered":"Politique de confidentialit\u00e9 et avis juridique"},"content":{"rendered":"\t\t<div data-elementor-type=\"wp-page\" data-elementor-id=\"31536\" class=\"elementor elementor-31536 elementor-29887\" data-elementor-post-type=\"page\">\n\t\t\t\t<div class=\"elementor-element elementor-element-6556c95e e-flex e-con-boxed e-con e-parent\" data-id=\"6556c95e\" data-element_type=\"container\">\n\t\t\t\t\t<div class=\"e-con-inner\">\n\t\t\t\t<div class=\"elementor-element elementor-element-640ceecd elementor-widget elementor-widget-text-editor\" data-id=\"640ceecd\" data-element_type=\"widget\" data-widget_type=\"text-editor.default\">\n\t\t\t\t<div class=\"elementor-widget-container\">\n\t\t\t\t\t\t\t\t\t<p><\/p>\n<h2 class=\"wp-block-heading\"><strong>POLITIQUE DE CONFIDENTIALIT\u00c9<\/strong><\/h2>\n<p><\/p>\n<h3 class=\"wp-block-heading\"><strong>1. INFORMATIONS SUR L&rsquo;UTILISATEUR<\/strong><\/h3>\n<p><\/p>\n<p>RMA.LEGAL ci-apr\u00e8s RESPONSABLE, est le responsable du traitement des donn\u00e9es personnelles de l&rsquo;Utilisateur et vous informe que ces donn\u00e9es seront trait\u00e9es conform\u00e9ment aux dispositions du R\u00e8glement (UE) 2016\/679 du 27 avril (GDPR) et de la Loi organique 3\/2018 du 5 d\u00e9cembre (LOPDGDD), raison pour laquelle les informations de traitement suivantes vous sont fournies :<\/p>\n<p><\/p>\n<p><strong>Finalit\u00e9 du traitement :<\/strong> entretenir une relation commerciale avec l&rsquo;utilisateur. Les op\u00e9rations envisag\u00e9es pour effectuer le traitement sont : <\/p>\n<p><\/p>\n<ul class=\"wp-block-list\"><p><\/p>\n<li>Envoi de communications commerciales publicitaires par courrier \u00e9lectronique, fax, SMS, MMS, communaut\u00e9s sociales ou tout autre moyen \u00e9lectronique ou physique, pr\u00e9sent ou futur, permettant des communications commerciales. Ces communications seront r\u00e9alis\u00e9es par le RESPONSABLE et li\u00e9es \u00e0 ses produits et services, ou \u00e0 ceux de ses collaborateurs ou fournisseurs avec lesquels il a conclu un accord promotionnel. Dans ce cas, les tiers n&rsquo;auront jamais acc\u00e8s aux donn\u00e9es personnelles.  <\/li>\n<p><\/p>\n<li>R\u00e9aliser des \u00e9tudes statistiques.<\/li>\n<p><\/p>\n<li>Traiter les commandes, les demandes ou tout autre type de demande formul\u00e9e par l&rsquo;utilisateur par le biais de l&rsquo;une des formes de contact mises \u00e0 sa disposition.<\/li>\n<p><\/p>\n<li>Envoyez le bulletin d&rsquo;information du site web.<\/li>\n<p><\/p><\/ul>\n<p><\/p>\n<p><strong>Base juridique du traitement<\/strong>: consentement de la personne concern\u00e9e.<\/p>\n<p><\/p>\n<p><strong>Crit\u00e8res de conservation des donn\u00e9es<\/strong>: les donn\u00e9es sont conserv\u00e9es pendant une dur\u00e9e n&rsquo;exc\u00e9dant pas celle n\u00e9cessaire \u00e0 la r\u00e9alisation de la finalit\u00e9 du traitement et, lorsqu&rsquo;elles ne sont plus n\u00e9cessaires \u00e0 cette finalit\u00e9, elles sont effac\u00e9es en prenant les mesures de s\u00e9curit\u00e9 appropri\u00e9es pour garantir la pseudonymisation des donn\u00e9es ou leur destruction totale.<\/p>\n<p><\/p>\n<p><strong>Communication des donn\u00e9es<\/strong>: les donn\u00e9es ne seront pas communiqu\u00e9es \u00e0 des tiers, sauf en cas d&rsquo;obligation l\u00e9gale.<\/p>\n<p><\/p>\n<p><strong>Droits de l&rsquo;utilisateur<\/strong>:<\/p>\n<p><\/p>\n<ul class=\"wp-block-list\"><p><\/p>\n<li>Droit de retirer son consentement \u00e0 tout moment.<\/li>\n<p><\/p>\n<li>Le droit d&rsquo;acc\u00e8s, de rectification, de portabilit\u00e9 et d&rsquo;effacement de vos donn\u00e9es et le droit de limiter ou de s&rsquo;opposer \u00e0 leur traitement.<\/li>\n<p><\/p>\n<li>Le droit d&rsquo;introduire une r\u00e9clamation aupr\u00e8s de l&rsquo;autorit\u00e9 de contr\u00f4le (www.aepd.es) si vous estimez que le traitement n&rsquo;est pas conforme \u00e0 la r\u00e9glementation en vigueur.<\/li>\n<p><\/p><\/ul>\n<p><\/p>\n<p><strong>Coordonn\u00e9es pour l&rsquo;exercice de vos droits<\/strong>:<\/p>\n<p><\/p>\n<p>RMA.LEGAL<\/p>\n<p><\/p>\n<p>Gran V\u00eda Marqu\u00e9s del Turia, 49, 6\u00ba-3\u00aa, 46005 Valencia.<\/p>\n<p><\/p>\n<p>abogados@rma.legal<\/p>\n<p><\/p>\n<h3 class=\"wp-block-heading\"><strong>2. LE CARACT\u00c8RE OBLIGATOIRE OU FACULTATIF DES INFORMATIONS FOURNIES PAR L&rsquo;UTILISATEUR<\/strong><\/h3>\n<p><\/p>\n<p>Les utilisateurs, en cochant les cases correspondantes et en saisissant des donn\u00e9es dans les champs marqu\u00e9s d&rsquo;un ast\u00e9risque (*) dans le formulaire de contact ou pr\u00e9sent\u00e9s dans les formulaires de t\u00e9l\u00e9chargement, acceptent express\u00e9ment, librement et sans \u00e9quivoque que leurs donn\u00e9es soient n\u00e9cessaires pour r\u00e9pondre \u00e0 leur demande, par le fournisseur, \u00e9tant volontaire l&rsquo;inclusion de donn\u00e9es dans les champs restants. L&rsquo;utilisateur garantit que les donn\u00e9es personnelles fournies au RESPONSABLE sont v\u00e9ridiques et est responsable de la communication de tout changement les concernant. <\/p>\n<p><\/p>\n<p>Le RESPONSABLE informe et garantit express\u00e9ment aux utilisateurs que leurs donn\u00e9es personnelles ne seront en aucun cas c\u00e9d\u00e9es \u00e0 des tiers et qu&rsquo;en cas de cession de donn\u00e9es personnelles, le consentement expr\u00e8s, inform\u00e9 et sans \u00e9quivoque des utilisateurs sera demand\u00e9 au pr\u00e9alable. Toutes les donn\u00e9es demand\u00e9es par l&rsquo;interm\u00e9diaire du site web sont obligatoires, car elles sont n\u00e9cessaires \u00e0 la prestation d&rsquo;un service optimal \u00e0 l&rsquo;utilisateur. Si toutes les donn\u00e9es ne sont pas fournies, il n&rsquo;est pas garanti que les informations et les services fournis seront parfaitement adapt\u00e9s \u00e0 vos besoins.  <\/p>\n<p><\/p>\n<h3 class=\"wp-block-heading\"><strong>3. LES MESURES DE S\u00c9CURIT\u00c9<\/strong><\/h3>\n<p><\/p>\n<p>Que, conform\u00e9ment aux dispositions de la r\u00e9glementation en vigueur en mati\u00e8re de protection des donn\u00e9es \u00e0 caract\u00e8re personnel, le RESPONSABLE respecte toutes les dispositions de la r\u00e9glementation GDPR pour le traitement des donn\u00e9es \u00e0 caract\u00e8re personnel sous sa responsabilit\u00e9, et manifestement les principes d\u00e9crits \u00e0 l&rsquo;article 5 du GDPR, selon lesquels ces donn\u00e9es sont trait\u00e9es de mani\u00e8re licite, loyale et transparente par rapport \u00e0 la personne concern\u00e9e et sont ad\u00e9quates, pertinentes et limit\u00e9es \u00e0 ce qui est n\u00e9cessaire au regard des finalit\u00e9s pour lesquelles elles sont trait\u00e9es.<\/p>\n<p><\/p>\n<p>Le RESPONSABLE garantit qu&rsquo;il a mis en \u0153uvre les politiques techniques et organisationnelles appropri\u00e9es pour appliquer les mesures de s\u00e9curit\u00e9 \u00e9nonc\u00e9es dans le GDPR afin de prot\u00e9ger les droits et libert\u00e9s des Utilisateurs et qu&rsquo;il a communiqu\u00e9 les informations appropri\u00e9es aux Utilisateurs pour leur permettre d&rsquo;exercer ces droits et libert\u00e9s.<\/p>\n<p><\/p>\n<p>Politique de confidentialit\u00e9 en vigueur le 3 avril 2025<\/p>\n<p><\/p>\n<h2 class=\"wp-block-heading\"><strong>AVIS JURIDIQUE<\/strong><\/h2>\n<p><\/p>\n<h3 class=\"wp-block-heading\"><strong>LOI SUR LES SERVICES DE LA SOCI\u00c9T\u00c9 DE L&rsquo;INFORMATION (LSSI)<\/strong><\/h3>\n<p><\/p>\n<p class=\"wp-block-heading\">LA RMA.LEGAL , responsable du site web, ci-apr\u00e8s d\u00e9nomm\u00e9 RESPONSABLE, met \u00e0 la disposition des utilisateurs le pr\u00e9sent document, dans le but de respecter les obligations pr\u00e9vues par la loi 34\/2002, du 11 juillet, sur les services de la soci\u00e9t\u00e9 de l&rsquo;information et le commerce \u00e9lectronique (LSSICE), BOE n\u00ba 166, et d&rsquo;informer tous les utilisateurs du site web sur les conditions d&rsquo;utilisation.<\/p>\n<p><\/p>\n<p class=\"wp-block-heading\">Toute personne acc\u00e9dant \u00e0 ce site web assume le r\u00f4le d&rsquo;utilisateur et s&rsquo;engage \u00e0 observer et \u00e0 respecter scrupuleusement les dispositions du pr\u00e9sent document, ainsi que toute autre disposition l\u00e9gale applicable.<\/p>\n<p><\/p>\n<p>LA RMA.LEGAL se r\u00e9serve le droit de modifier tout type d&rsquo;information pouvant figurer sur le site web, sans obligation de pr\u00e9avis ni d&rsquo;information des utilisateurs, la publication sur le site web \u00e9tant consid\u00e9r\u00e9e comme suffisante.<\/p>\n<p><\/p>\n<p><strong>1. DONN\u00c9ES D&rsquo;IDENTIFICATION<\/strong><\/p>\n<p><\/p>\n<p>Nom de domaine : RMA.LEGAL<\/p>\n<p><\/p>\n<p>Nom commercial : RMA.LEGAL<\/p>\n<p><\/p>\n<p>Nom de l&rsquo;entreprise : RMA.LEGAL<\/p>\n<p><\/p>\n<p>NUM\u00c9RO DE TVA : B98958747<\/p>\n<p><\/p>\n<p>Si\u00e8ge social : Gran V\u00eda Marqu\u00e9s del Turia, 49, 6\u00ba-3\u00aa, 46005 Valencia.<\/p>\n<p><\/p>\n<p>T\u00e9l\u00e9phone : +34932111441<\/p>\n<p><\/p>\n<p>e-mail : abogados@rma.legal<\/p>\n<p><\/p>\n<p><strong>2. DROITS DE PROPRI\u00c9T\u00c9 INTELLECTUELLE ET INDUSTRIELLE<\/strong><\/p>\n<p><\/p>\n<p>Le site web, y compris, mais sans s&rsquo;y limiter, sa programmation, son \u00e9dition, sa compilation et les autres \u00e9l\u00e9ments n\u00e9cessaires \u00e0 son fonctionnement, les dessins, les logos, les textes et\/ou les graphiques, sont la propri\u00e9t\u00e9 du RESPONSABLE ou, le cas \u00e9ch\u00e9ant, font l&rsquo;objet d&rsquo;une licence ou d&rsquo;une autorisation expresse de la part des auteurs. Tous les contenus du site web sont d\u00fbment prot\u00e9g\u00e9s par la r\u00e9glementation en mati\u00e8re de propri\u00e9t\u00e9 intellectuelle et industrielle, et sont inscrits dans les registres publics correspondants. <\/p>\n<p><\/p>\n<p>Quelle que soit la finalit\u00e9 poursuivie, la reproduction, l&rsquo;utilisation, l&rsquo;exploitation, la distribution et la commercialisation, totales ou partielles, n\u00e9cessitent dans tous les cas l&rsquo;autorisation \u00e9crite pr\u00e9alable du RESPONSABLE. Toute utilisation non autoris\u00e9e est consid\u00e9r\u00e9e comme une violation grave des droits de propri\u00e9t\u00e9 intellectuelle ou industrielle de l&rsquo;auteur. <\/p>\n<p><\/p>\n<p>Les dessins, logos, textes et\/ou graphiques qui n&rsquo;appartiennent pas au RESPONSABLE et qui peuvent appara\u00eetre sur le site web appartiennent \u00e0 leurs propri\u00e9taires respectifs, qui sont eux-m\u00eames responsables de toute controverse \u00e9ventuelle \u00e0 leur sujet. Le RESPONSABLE autorise express\u00e9ment les tiers \u00e0 rediriger directement vers les contenus sp\u00e9cifiques du site, et dans tous les cas \u00e0 rediriger vers le site principal de RMA.LEGAL. <\/p>\n<p><\/p>\n<p>Le RESPONSABLE reconna\u00eet les droits de propri\u00e9t\u00e9 intellectuelle et industrielle correspondants en faveur de leurs propri\u00e9taires, et leur simple mention ou apparition sur le site web n&rsquo;implique l&rsquo;existence d&rsquo;aucun droit ou responsabilit\u00e9 de quelque nature que ce soit sur ceux-ci, ni aucune approbation, parrainage ou recommandation de leur part.<\/p>\n<p><\/p>\n<p>Pour faire des commentaires sur d&rsquo;\u00e9ventuelles violations des droits de propri\u00e9t\u00e9 intellectuelle ou industrielle, ainsi que sur n&rsquo;importe quel contenu du site web, vous pouvez envoyer un courrier \u00e9lectronique \u00e0 abogados@rma.legal.<\/p>\n<p><\/p>\n<p><strong>3. EXON\u00c9RATION DE RESPONSABILIT\u00c9<\/strong><\/p>\n<p><\/p>\n<p>Le RESPONSABLE d\u00e9cline toute responsabilit\u00e9 quant aux informations publi\u00e9es sur son site web, dans la mesure o\u00f9 ces informations ont \u00e9t\u00e9 manipul\u00e9es ou introduites par un tiers ext\u00e9rieur \u00e0 celui-ci.<\/p>\n<p><\/p>\n<p><strong>Utilisation des cookies<\/strong><\/p>\n<p><\/p>\n<p>Ce site web peut utiliser des cookies techniques (petits fichiers d&rsquo;information que le serveur envoie \u00e0 l&rsquo;ordinateur de la personne qui acc\u00e8de \u00e0 la page) pour ex\u00e9cuter certaines fonctions consid\u00e9r\u00e9es comme essentielles au bon fonctionnement et \u00e0 la visualisation du site. Les cookies utilis\u00e9s sont, dans tous les cas, de nature temporaire, dans le seul but de rendre la navigation plus efficace, et disparaissent \u00e0 la fin de la session de l&rsquo;utilisateur. En aucun cas ces cookies ne fournissent eux-m\u00eames des donn\u00e9es \u00e0 caract\u00e8re personnel et ils ne seront pas utilis\u00e9s pour collecter de telles donn\u00e9es.  <\/p>\n<p><\/p>\n<p>L&rsquo;utilisateur a la possibilit\u00e9 de configurer son navigateur pour \u00eatre alert\u00e9 de la r\u00e9ception de cookies et pour emp\u00eacher leur installation sur son ordinateur. Veuillez consulter les instructions de votre navigateur pour plus d&rsquo;informations. <\/p>\n<p><\/p>\n<p><strong>Vous pouvez consulter la politique compl\u00e8te en mati\u00e8re de cookies ici : <\/strong><a href=\"https:\/\/www.labruixa.es\/politica-de-cookies\/\"><strong>POLITIQUE DES COOKIES<\/strong><\/a><\/p>\n<p><\/p>\n<p><strong>Politique de liaison<\/strong><\/p>\n<p><\/p>\n<p>Depuis le site web, vous pouvez \u00eatre redirig\u00e9 vers des contenus de sites web de tiers. \u00c9tant donn\u00e9 que le RESPONSABLE ne peut pas toujours contr\u00f4ler les contenus introduits par des tiers sur leurs sites web respectifs, il n&rsquo;assume aucun type de responsabilit\u00e9 \u00e0 l&rsquo;\u00e9gard desdits contenus. En tout \u00e9tat de cause, il proc\u00e9dera au retrait imm\u00e9diat de tout contenu susceptible de contrevenir \u00e0 la l\u00e9gislation nationale ou internationale, \u00e0 la morale ou \u00e0 l&rsquo;ordre public, en proc\u00e9dant au retrait imm\u00e9diat de la redirection vers ledit site web, en informant les autorit\u00e9s comp\u00e9tentes du contenu en question.  <\/p>\n<p><\/p>\n<p>Le RESPONSABLE n&rsquo;est pas responsable des informations et des contenus stock\u00e9s, y compris, mais sans s&rsquo;y limiter, dans les forums, les chats, les g\u00e9n\u00e9rateurs de blogs, les commentaires, les r\u00e9seaux sociaux ou tout autre support permettant \u00e0 des tiers de publier des contenus de mani\u00e8re ind\u00e9pendante sur le site web du RESPONSABLE. Toutefois, et conform\u00e9ment aux dispositions des articles 11 et 16 de la LSSICE, il se met \u00e0 la disposition de tous les utilisateurs, autorit\u00e9s et forces de s\u00e9curit\u00e9, en collaborant activement au retrait ou, le cas \u00e9ch\u00e9ant, au blocage de tous les contenus susceptibles d&rsquo;affecter ou de contrevenir \u00e0 la l\u00e9gislation nationale ou internationale, aux droits des tiers ou \u00e0 la morale et \u00e0 l&rsquo;ordre public. Si l&rsquo;utilisateur consid\u00e8re qu&rsquo;il existe sur le site un contenu susceptible d&rsquo;\u00eatre class\u00e9 dans cette cat\u00e9gorie, il est pri\u00e9 d&rsquo;en informer imm\u00e9diatement l&rsquo;administrateur du site.  <\/p>\n<p><\/p>\n<p>Ce site web a \u00e9t\u00e9 contr\u00f4l\u00e9 et test\u00e9 afin de garantir son bon fonctionnement. En principe, son bon fonctionnement peut \u00eatre garanti 365 jours par an et 24 heures par jour. Toutefois, le RESPONSABLE n&rsquo;exclut pas la possibilit\u00e9 de certaines erreurs de programmation ou la survenance de cas de force majeure, de catastrophes naturelles, de gr\u00e8ves ou de circonstances similaires rendant impossible l&rsquo;acc\u00e8s au site web.  <\/p>\n<p><\/p>\n<p><strong>4. DROIT APPLICABLE ET JURIDICTION<\/strong><\/p>\n<p><\/p>\n<p>Pour la r\u00e9solution de tous les litiges ou questions li\u00e9s \u00e0 ce site Web ou aux activit\u00e9s qui y sont men\u00e9es, la l\u00e9gislation espagnole s&rsquo;applique, \u00e0 laquelle les parties se soumettent express\u00e9ment, et les cours et tribunaux les plus proches de Barcelone sont comp\u00e9tents pour la r\u00e9solution de tous les litiges d\u00e9coulant de son utilisation ou li\u00e9s \u00e0 celle-ci. Cet avis juridique est en vigueur depuis le 3 avril 2025. <\/p>\n<p><\/p>\t\t\t\t\t\t\t\t<\/div>\n\t\t\t\t<\/div>\n\t\t\t\t\t<\/div>\n\t\t\t\t<\/div>\n\t\t\t\t<\/div>\n\t\t","protected":false},"excerpt":{"rendered":"<p>POLITIQUE DE CONFIDENTIALIT\u00c9 1. INFORMATIONS SUR L&rsquo;UTILISATEUR RMA.LEGAL ci-apr\u00e8s RESPONSABLE, est le responsable du traitement des donn\u00e9es personnelles de l&rsquo;Utilisateur et vous informe que ces donn\u00e9es seront trait\u00e9es conform\u00e9ment aux dispositions du R\u00e8glement (UE) 2016\/679 du 27 avril (GDPR) et de la Loi organique 3\/2018 du 5 d\u00e9cembre (LOPDGDD), raison pour laquelle les informations de [&hellip;]<\/p>\n","protected":false},"author":2,"featured_media":0,"parent":0,"menu_order":0,"comment_status":"closed","ping_status":"closed","template":"","meta":{"footnotes":""},"class_list":["post-31536","page","type-page","status-publish","hentry"],"yoast_head":"<!-- This site is optimized with the Yoast SEO plugin v25.9 - https:\/\/yoast.com\/wordpress\/plugins\/seo\/ -->\n<title>Politique de confidentialit\u00e9 et avis juridique - Avocats du RMA<\/title>\n<meta name=\"robots\" content=\"index, follow, max-snippet:-1, max-image-preview:large, max-video-preview:-1\" \/>\n<link rel=\"canonical\" href=\"https:\/\/rma.legal\/fr\/politique-de-confidentialite-et-avis-juridique\/\" \/>\n<meta property=\"og:locale\" content=\"fr_FR\" \/>\n<meta property=\"og:type\" content=\"article\" \/>\n<meta property=\"og:title\" content=\"Politique de confidentialit\u00e9 et avis juridique - Avocats du RMA\" \/>\n<meta property=\"og:description\" content=\"POLITIQUE DE CONFIDENTIALIT\u00c9 1. INFORMATIONS SUR L&rsquo;UTILISATEUR RMA.LEGAL ci-apr\u00e8s RESPONSABLE, est le responsable du traitement des donn\u00e9es personnelles de l&rsquo;Utilisateur et vous informe que ces donn\u00e9es seront trait\u00e9es conform\u00e9ment aux dispositions du R\u00e8glement (UE) 2016\/679 du 27 avril (GDPR) et de la Loi organique 3\/2018 du 5 d\u00e9cembre (LOPDGDD), raison pour laquelle les informations de [&hellip;]\" \/>\n<meta property=\"og:url\" content=\"https:\/\/rma.legal\/fr\/politique-de-confidentialite-et-avis-juridique\/\" \/>\n<meta property=\"og:site_name\" content=\"Avocats du RMA\" \/>\n<meta property=\"article:modified_time\" content=\"2025-05-15T14:43:58+00:00\" \/>\n<meta name=\"twitter:card\" content=\"summary_large_image\" \/>\n<meta name=\"twitter:label1\" content=\"Dur\u00e9e de lecture estim\u00e9e\" \/>\n\t<meta name=\"twitter:data1\" content=\"9 minutes\" \/>\n<script type=\"application\/ld+json\" class=\"yoast-schema-graph\">{\"@context\":\"https:\/\/schema.org\",\"@graph\":[{\"@type\":\"WebPage\",\"@id\":\"https:\/\/rma.legal\/fr\/politique-de-confidentialite-et-avis-juridique\/\",\"url\":\"https:\/\/rma.legal\/fr\/politique-de-confidentialite-et-avis-juridique\/\",\"name\":\"Politique de confidentialit\u00e9 et avis juridique - Avocats du RMA\",\"isPartOf\":{\"@id\":\"https:\/\/rma.legal\/fr\/#website\"},\"datePublished\":\"2025-04-04T03:57:20+00:00\",\"dateModified\":\"2025-05-15T14:43:58+00:00\",\"breadcrumb\":{\"@id\":\"https:\/\/rma.legal\/fr\/politique-de-confidentialite-et-avis-juridique\/#breadcrumb\"},\"inLanguage\":\"fr-FR\",\"potentialAction\":[{\"@type\":\"ReadAction\",\"target\":[\"https:\/\/rma.legal\/fr\/politique-de-confidentialite-et-avis-juridique\/\"]}]},{\"@type\":\"BreadcrumbList\",\"@id\":\"https:\/\/rma.legal\/fr\/politique-de-confidentialite-et-avis-juridique\/#breadcrumb\",\"itemListElement\":[{\"@type\":\"ListItem\",\"position\":1,\"name\":\"Portada\",\"item\":\"https:\/\/rma.legal\/fr\/\"},{\"@type\":\"ListItem\",\"position\":2,\"name\":\"Politique de confidentialit\u00e9 et avis juridique\"}]},{\"@type\":\"WebSite\",\"@id\":\"https:\/\/rma.legal\/fr\/#website\",\"url\":\"https:\/\/rma.legal\/fr\/\",\"name\":\"Avocats du RMA\",\"description\":\"RMA Legal Abogados\",\"publisher\":{\"@id\":\"https:\/\/rma.legal\/fr\/#organization\"},\"potentialAction\":[{\"@type\":\"SearchAction\",\"target\":{\"@type\":\"EntryPoint\",\"urlTemplate\":\"https:\/\/rma.legal\/fr\/?s={search_term_string}\"},\"query-input\":{\"@type\":\"PropertyValueSpecification\",\"valueRequired\":true,\"valueName\":\"search_term_string\"}}],\"inLanguage\":\"fr-FR\"},{\"@type\":\"Organization\",\"@id\":\"https:\/\/rma.legal\/fr\/#organization\",\"name\":\"Avocats du RMA\",\"url\":\"https:\/\/rma.legal\/fr\/\",\"logo\":{\"@type\":\"ImageObject\",\"inLanguage\":\"fr-FR\",\"@id\":\"https:\/\/rma.legal\/fr\/#\/schema\/logo\/image\/\",\"url\":\"https:\/\/rma.legal\/wp-content\/uploads\/2025\/02\/Logo-rma-legal-invertido-footer-c-1.png\",\"contentUrl\":\"https:\/\/rma.legal\/wp-content\/uploads\/2025\/02\/Logo-rma-legal-invertido-footer-c-1.png\",\"width\":300,\"height\":125,\"caption\":\"Avocats du RMA\"},\"image\":{\"@id\":\"https:\/\/rma.legal\/fr\/#\/schema\/logo\/image\/\"}}]}<\/script>\n<!-- \/ Yoast SEO plugin. -->","yoast_head_json":{"title":"Politique de confidentialit\u00e9 et avis juridique - Avocats du RMA","robots":{"index":"index","follow":"follow","max-snippet":"max-snippet:-1","max-image-preview":"max-image-preview:large","max-video-preview":"max-video-preview:-1"},"canonical":"https:\/\/rma.legal\/fr\/politique-de-confidentialite-et-avis-juridique\/","og_locale":"fr_FR","og_type":"article","og_title":"Politique de confidentialit\u00e9 et avis juridique - Avocats du RMA","og_description":"POLITIQUE DE CONFIDENTIALIT\u00c9 1. INFORMATIONS SUR L&rsquo;UTILISATEUR RMA.LEGAL ci-apr\u00e8s RESPONSABLE, est le responsable du traitement des donn\u00e9es personnelles de l&rsquo;Utilisateur et vous informe que ces donn\u00e9es seront trait\u00e9es conform\u00e9ment aux dispositions du R\u00e8glement (UE) 2016\/679 du 27 avril (GDPR) et de la Loi organique 3\/2018 du 5 d\u00e9cembre (LOPDGDD), raison pour laquelle les informations de [&hellip;]","og_url":"https:\/\/rma.legal\/fr\/politique-de-confidentialite-et-avis-juridique\/","og_site_name":"Avocats du RMA","article_modified_time":"2025-05-15T14:43:58+00:00","twitter_card":"summary_large_image","twitter_misc":{"Dur\u00e9e de lecture estim\u00e9e":"9 minutes"},"schema":{"@context":"https:\/\/schema.org","@graph":[{"@type":"WebPage","@id":"https:\/\/rma.legal\/fr\/politique-de-confidentialite-et-avis-juridique\/","url":"https:\/\/rma.legal\/fr\/politique-de-confidentialite-et-avis-juridique\/","name":"Politique de confidentialit\u00e9 et avis juridique - Avocats du RMA","isPartOf":{"@id":"https:\/\/rma.legal\/fr\/#website"},"datePublished":"2025-04-04T03:57:20+00:00","dateModified":"2025-05-15T14:43:58+00:00","breadcrumb":{"@id":"https:\/\/rma.legal\/fr\/politique-de-confidentialite-et-avis-juridique\/#breadcrumb"},"inLanguage":"fr-FR","potentialAction":[{"@type":"ReadAction","target":["https:\/\/rma.legal\/fr\/politique-de-confidentialite-et-avis-juridique\/"]}]},{"@type":"BreadcrumbList","@id":"https:\/\/rma.legal\/fr\/politique-de-confidentialite-et-avis-juridique\/#breadcrumb","itemListElement":[{"@type":"ListItem","position":1,"name":"Portada","item":"https:\/\/rma.legal\/fr\/"},{"@type":"ListItem","position":2,"name":"Politique de confidentialit\u00e9 et avis juridique"}]},{"@type":"WebSite","@id":"https:\/\/rma.legal\/fr\/#website","url":"https:\/\/rma.legal\/fr\/","name":"Avocats du RMA","description":"RMA Legal Abogados","publisher":{"@id":"https:\/\/rma.legal\/fr\/#organization"},"potentialAction":[{"@type":"SearchAction","target":{"@type":"EntryPoint","urlTemplate":"https:\/\/rma.legal\/fr\/?s={search_term_string}"},"query-input":{"@type":"PropertyValueSpecification","valueRequired":true,"valueName":"search_term_string"}}],"inLanguage":"fr-FR"},{"@type":"Organization","@id":"https:\/\/rma.legal\/fr\/#organization","name":"Avocats du RMA","url":"https:\/\/rma.legal\/fr\/","logo":{"@type":"ImageObject","inLanguage":"fr-FR","@id":"https:\/\/rma.legal\/fr\/#\/schema\/logo\/image\/","url":"https:\/\/rma.legal\/wp-content\/uploads\/2025\/02\/Logo-rma-legal-invertido-footer-c-1.png","contentUrl":"https:\/\/rma.legal\/wp-content\/uploads\/2025\/02\/Logo-rma-legal-invertido-footer-c-1.png","width":300,"height":125,"caption":"Avocats du RMA"},"image":{"@id":"https:\/\/rma.legal\/fr\/#\/schema\/logo\/image\/"}}]}},"_links":{"self":[{"href":"https:\/\/rma.legal\/fr\/wp-json\/wp\/v2\/pages\/31536","targetHints":{"allow":["GET"]}}],"collection":[{"href":"https:\/\/rma.legal\/fr\/wp-json\/wp\/v2\/pages"}],"about":[{"href":"https:\/\/rma.legal\/fr\/wp-json\/wp\/v2\/types\/page"}],"author":[{"embeddable":true,"href":"https:\/\/rma.legal\/fr\/wp-json\/wp\/v2\/users\/2"}],"replies":[{"embeddable":true,"href":"https:\/\/rma.legal\/fr\/wp-json\/wp\/v2\/comments?post=31536"}],"version-history":[{"count":3,"href":"https:\/\/rma.legal\/fr\/wp-json\/wp\/v2\/pages\/31536\/revisions"}],"predecessor-version":[{"id":31545,"href":"https:\/\/rma.legal\/fr\/wp-json\/wp\/v2\/pages\/31536\/revisions\/31545"}],"wp:attachment":[{"href":"https:\/\/rma.legal\/fr\/wp-json\/wp\/v2\/media?parent=31536"}],"curies":[{"name":"wp","href":"https:\/\/api.w.org\/{rel}","templated":true}]}}