{"id":31480,"date":"2025-04-04T04:13:12","date_gmt":"2025-04-04T04:13:12","guid":{"rendered":"http:\/\/rma.legal\/declaration-daccessibilite\/"},"modified":"2025-05-15T14:43:51","modified_gmt":"2025-05-15T14:43:51","slug":"declaration-daccessibilite","status":"publish","type":"page","link":"https:\/\/rma.legal\/fr\/declaration-daccessibilite\/","title":{"rendered":"D\u00e9claration d&rsquo;accessibilit\u00e9"},"content":{"rendered":"\t\t<div data-elementor-type=\"wp-page\" data-elementor-id=\"31480\" class=\"elementor elementor-31480 elementor-29917\" data-elementor-post-type=\"page\">\n\t\t\t\t<div class=\"elementor-element elementor-element-6556c95e e-flex e-con-boxed e-con e-parent\" data-id=\"6556c95e\" data-element_type=\"container\">\n\t\t\t\t\t<div class=\"e-con-inner\">\n\t\t\t\t<div class=\"elementor-element elementor-element-640ceecd elementor-widget elementor-widget-text-editor\" data-id=\"640ceecd\" data-element_type=\"widget\" data-widget_type=\"text-editor.default\">\n\t\t\t\t<div class=\"elementor-widget-container\">\n\t\t\t\t\t\t\t\t\t<h2><strong>D\u00c9CLARATION D&rsquo;ACCESSIBILIT\u00c9<\/strong><\/h2>\n<p><span style=\"font-weight: 400;\">Rma.legal<\/span><span style=\"font-weight: 400;\">, <\/span><span style=\"font-weight: 400;\"> <\/span><span style=\"font-weight: 400;\">s&rsquo;engage \u00e0 rendre le site <\/span><span style=\"font-weight: 400;\">Rma.legal, <\/span><span style=\"font-weight: 400;\">conform\u00e9ment \u00e0 la norme UNE-EN 301 549:2022 &#8211; \u00e0 l&rsquo;exclusion des contenus exclus par le RD 1112\/2018<\/span><\/p>\n<p><span style=\"font-weight: 400;\">La pr\u00e9sente d\u00e9claration d&rsquo;accessibilit\u00e9 s&rsquo;applique au site web auquel elle se r\u00e9f\u00e8re, le cas \u00e9ch\u00e9ant.  <\/span><\/p>\n<p><span style=\"font-weight: 400;\">  \u00c9tat de conformit\u00e9<\/span><\/p>\n<p><span style=\"font-weight: 400;\">Ce site web est enti\u00e8rement conforme au <\/span><a href=\"http:\/\/www.boe.es\/diario_boe\/txt.php?id=BOE-A-2018-12699\"><span style=\"font-weight: 400;\">RD 1112\/2018<\/span><\/a><\/p>\n<p><span style=\"font-weight: 400;\">Le web est g\u00e9n\u00e9ralement \u00e9valu\u00e9 comme<\/span><\/p>\n<ul>\n<li style=\"font-weight: 400;\" aria-level=\"1\"><span style=\"font-weight: 400;\">Perceptible, en termes d&rsquo;informations et d&rsquo;\u00e9l\u00e9ments d&rsquo;interface<\/span><\/li>\n<li style=\"font-weight: 400;\" aria-level=\"1\"><span style=\"font-weight: 400;\">Exploitable, en termes de composants de l&rsquo;interface utilisateur et de navigation<\/span><\/li>\n<li style=\"font-weight: 400;\" aria-level=\"1\"><span style=\"font-weight: 400;\">Compr\u00e9hensible, en termes d&rsquo;information et d&rsquo;utilisation de l&rsquo;interface utilisateur.<\/span><\/li>\n<li style=\"font-weight: 400;\" aria-level=\"1\"><span style=\"font-weight: 400;\">Robuste, en termes de contenu et d&rsquo;interpr\u00e9tation<\/span><\/li>\n<\/ul>\n<p><span style=\"font-weight: 400;\">Pr\u00e9paration de la pr\u00e9sente d\u00e9claration d&rsquo;accessibilit\u00e9<\/span><\/p>\n<p><span style=\"font-weight: 400;\">Cette d\u00e9claration a \u00e9t\u00e9 pr\u00e9par\u00e9e le <\/span><span style=\"font-weight: 400;\">03 avril 2025.<\/span><\/p>\n<p><span style=\"font-weight: 400;\">La m\u00e9thode utilis\u00e9e pour pr\u00e9parer la d\u00e9claration a \u00e9t\u00e9 une auto-\u00e9valuation combin\u00e9e \u00e0 l&rsquo;\u00e9valuation du site web https:\/\/www.tawdis.net\/.  <\/span><\/p>\n<p><span style=\"font-weight: 400;\">La d\u00e9claration d&rsquo;accessibilit\u00e9 a \u00e9t\u00e9 r\u00e9vis\u00e9e et mise \u00e0 jour le <\/span><span style=\"font-weight: 400;\">03 avril 2025.<\/span><\/p>\n<p><span style=\"font-weight: 400;\">Remarques et coordonn\u00e9es<\/span><\/p>\n<p><span style=\"font-weight: 400;\">Vous pouvez faire des communications via le formulaire de contact de ce site web, concernant les exigences d&rsquo;accessibilit\u00e9 (article 10.2.a du RD 1112\/2018) pour :<\/span><\/p>\n<ul>\n<li style=\"font-weight: 400;\" aria-level=\"1\"><span style=\"font-weight: 400;\">Signalez tout cas \u00e9ventuel de non-respect des r\u00e8gles par ce site web<\/span><\/li>\n<li style=\"font-weight: 400;\" aria-level=\"1\"><span style=\"font-weight: 400;\">Transmettre d&rsquo;autres difficult\u00e9s d&rsquo;acc\u00e8s au contenu<\/span><\/li>\n<li style=\"font-weight: 400;\" aria-level=\"1\"><span style=\"font-weight: 400;\">Posez toute autre question ou suggestion d&rsquo;am\u00e9lioration concernant l&rsquo;accessibilit\u00e9 du site web.<\/span><\/li>\n<\/ul>\n<p><span style=\"color: var( --e-global-color-text ); font-family: var( --e-global-typography-text-font-family ), Sans-serif; font-size: var( --e-global-typography-text-font-size ); text-align: var(--text-align); background-color: var( --e-global-color-fc5ff30 );\">Toute personne physique ou morale peut d\u00e9poser des plaintes concernant le respect des exigences du d\u00e9cret royal 1112\/2018 du 7 septembre, ainsi que demander des informations sur les contenus exclus du champ d&rsquo;application de ce r\u00e8glement.<\/span><\/p>\n<p><span style=\"font-weight: 400;\">D\u00e8s que nous aurons re\u00e7u votre demande ou votre plainte, nous y r\u00e9pondrons dans les plus brefs d\u00e9lais.<\/span><\/p>\n<p><span style=\"color: var( --e-global-color-text ); font-family: var( --e-global-typography-text-font-family ), Sans-serif; font-size: var( --e-global-typography-text-font-size ); text-align: var(--text-align); background-color: var( --e-global-color-fc5ff30 );\">Notre engagement en faveur de l&rsquo;accessibilit\u00e9<\/span><\/p>\n<p><span style=\"font-weight: 400;\">Une s\u00e9rie de mesures ont \u00e9t\u00e9 adopt\u00e9es sur ce site web afin d&rsquo;en am\u00e9liorer l&rsquo;accessibilit\u00e9 par les moyens suivants<\/span><\/p>\n<ul>\n<li style=\"font-weight: 400;\" aria-level=\"1\"><span style=\"font-weight: 400;\">Incluez un contenu clair et bien structur\u00e9.<\/span><\/li>\n<li style=\"font-weight: 400;\" aria-level=\"1\"><span style=\"font-weight: 400;\">Am\u00e9liorer la navigation et l&rsquo;exp\u00e9rience des utilisateurs.<\/span><\/li>\n<\/ul>\n<p><\/p>\t\t\t\t\t\t\t\t<\/div>\n\t\t\t\t<\/div>\n\t\t\t\t\t<\/div>\n\t\t\t\t<\/div>\n\t\t\t\t<\/div>\n\t\t","protected":false},"excerpt":{"rendered":"<p>D\u00c9CLARATION D&rsquo;ACCESSIBILIT\u00c9 Rma.legal, s&rsquo;engage \u00e0 rendre le site Rma.legal, conform\u00e9ment \u00e0 la norme UNE-EN 301 549:2022 &#8211; \u00e0 l&rsquo;exclusion des contenus exclus par le RD 1112\/2018 La pr\u00e9sente d\u00e9claration d&rsquo;accessibilit\u00e9 s&rsquo;applique au site web auquel elle se r\u00e9f\u00e8re, le cas \u00e9ch\u00e9ant. \u00c9tat de conformit\u00e9 Ce site web est enti\u00e8rement conforme au RD 1112\/2018 Le web [&hellip;]<\/p>\n","protected":false},"author":2,"featured_media":0,"parent":0,"menu_order":0,"comment_status":"closed","ping_status":"closed","template":"","meta":{"footnotes":""},"class_list":["post-31480","page","type-page","status-publish","hentry"],"yoast_head":"<!-- This site is optimized with the Yoast SEO plugin v25.9 - https:\/\/yoast.com\/wordpress\/plugins\/seo\/ -->\n<title>D\u00e9claration d&#039;accessibilit\u00e9 - Avocats du RMA<\/title>\n<meta name=\"robots\" content=\"index, follow, max-snippet:-1, max-image-preview:large, max-video-preview:-1\" \/>\n<link rel=\"canonical\" href=\"https:\/\/rma.legal\/fr\/declaration-daccessibilite\/\" \/>\n<meta property=\"og:locale\" content=\"fr_FR\" \/>\n<meta property=\"og:type\" content=\"article\" \/>\n<meta property=\"og:title\" content=\"D\u00e9claration d&#039;accessibilit\u00e9 - Avocats du RMA\" \/>\n<meta property=\"og:description\" content=\"D\u00c9CLARATION D&rsquo;ACCESSIBILIT\u00c9 Rma.legal, s&rsquo;engage \u00e0 rendre le site Rma.legal, conform\u00e9ment \u00e0 la norme UNE-EN 301 549:2022 &#8211; \u00e0 l&rsquo;exclusion des contenus exclus par le RD 1112\/2018 La pr\u00e9sente d\u00e9claration d&rsquo;accessibilit\u00e9 s&rsquo;applique au site web auquel elle se r\u00e9f\u00e8re, le cas \u00e9ch\u00e9ant. \u00c9tat de conformit\u00e9 Ce site web est enti\u00e8rement conforme au RD 1112\/2018 Le web [&hellip;]\" \/>\n<meta property=\"og:url\" content=\"https:\/\/rma.legal\/fr\/declaration-daccessibilite\/\" \/>\n<meta property=\"og:site_name\" content=\"Avocats du RMA\" \/>\n<meta property=\"article:modified_time\" content=\"2025-05-15T14:43:51+00:00\" \/>\n<meta name=\"twitter:card\" content=\"summary_large_image\" \/>\n<meta name=\"twitter:label1\" content=\"Dur\u00e9e de lecture estim\u00e9e\" \/>\n\t<meta name=\"twitter:data1\" content=\"2 minutes\" \/>\n<script type=\"application\/ld+json\" class=\"yoast-schema-graph\">{\"@context\":\"https:\/\/schema.org\",\"@graph\":[{\"@type\":\"WebPage\",\"@id\":\"https:\/\/rma.legal\/fr\/declaration-daccessibilite\/\",\"url\":\"https:\/\/rma.legal\/fr\/declaration-daccessibilite\/\",\"name\":\"D\u00e9claration d'accessibilit\u00e9 - Avocats du RMA\",\"isPartOf\":{\"@id\":\"https:\/\/rma.legal\/fr\/#website\"},\"datePublished\":\"2025-04-04T04:13:12+00:00\",\"dateModified\":\"2025-05-15T14:43:51+00:00\",\"breadcrumb\":{\"@id\":\"https:\/\/rma.legal\/fr\/declaration-daccessibilite\/#breadcrumb\"},\"inLanguage\":\"fr-FR\",\"potentialAction\":[{\"@type\":\"ReadAction\",\"target\":[\"https:\/\/rma.legal\/fr\/declaration-daccessibilite\/\"]}]},{\"@type\":\"BreadcrumbList\",\"@id\":\"https:\/\/rma.legal\/fr\/declaration-daccessibilite\/#breadcrumb\",\"itemListElement\":[{\"@type\":\"ListItem\",\"position\":1,\"name\":\"Portada\",\"item\":\"https:\/\/rma.legal\/fr\/\"},{\"@type\":\"ListItem\",\"position\":2,\"name\":\"D\u00e9claration d&#8217;accessibilit\u00e9\"}]},{\"@type\":\"WebSite\",\"@id\":\"https:\/\/rma.legal\/fr\/#website\",\"url\":\"https:\/\/rma.legal\/fr\/\",\"name\":\"Avocats du RMA\",\"description\":\"RMA Legal Abogados\",\"publisher\":{\"@id\":\"https:\/\/rma.legal\/fr\/#organization\"},\"potentialAction\":[{\"@type\":\"SearchAction\",\"target\":{\"@type\":\"EntryPoint\",\"urlTemplate\":\"https:\/\/rma.legal\/fr\/?s={search_term_string}\"},\"query-input\":{\"@type\":\"PropertyValueSpecification\",\"valueRequired\":true,\"valueName\":\"search_term_string\"}}],\"inLanguage\":\"fr-FR\"},{\"@type\":\"Organization\",\"@id\":\"https:\/\/rma.legal\/fr\/#organization\",\"name\":\"Avocats du RMA\",\"url\":\"https:\/\/rma.legal\/fr\/\",\"logo\":{\"@type\":\"ImageObject\",\"inLanguage\":\"fr-FR\",\"@id\":\"https:\/\/rma.legal\/fr\/#\/schema\/logo\/image\/\",\"url\":\"https:\/\/rma.legal\/wp-content\/uploads\/2025\/02\/Logo-rma-legal-invertido-footer-c-1.png\",\"contentUrl\":\"https:\/\/rma.legal\/wp-content\/uploads\/2025\/02\/Logo-rma-legal-invertido-footer-c-1.png\",\"width\":300,\"height\":125,\"caption\":\"Avocats du RMA\"},\"image\":{\"@id\":\"https:\/\/rma.legal\/fr\/#\/schema\/logo\/image\/\"}}]}<\/script>\n<!-- \/ Yoast SEO plugin. -->","yoast_head_json":{"title":"D\u00e9claration d'accessibilit\u00e9 - Avocats du RMA","robots":{"index":"index","follow":"follow","max-snippet":"max-snippet:-1","max-image-preview":"max-image-preview:large","max-video-preview":"max-video-preview:-1"},"canonical":"https:\/\/rma.legal\/fr\/declaration-daccessibilite\/","og_locale":"fr_FR","og_type":"article","og_title":"D\u00e9claration d'accessibilit\u00e9 - Avocats du RMA","og_description":"D\u00c9CLARATION D&rsquo;ACCESSIBILIT\u00c9 Rma.legal, s&rsquo;engage \u00e0 rendre le site Rma.legal, conform\u00e9ment \u00e0 la norme UNE-EN 301 549:2022 &#8211; \u00e0 l&rsquo;exclusion des contenus exclus par le RD 1112\/2018 La pr\u00e9sente d\u00e9claration d&rsquo;accessibilit\u00e9 s&rsquo;applique au site web auquel elle se r\u00e9f\u00e8re, le cas \u00e9ch\u00e9ant. \u00c9tat de conformit\u00e9 Ce site web est enti\u00e8rement conforme au RD 1112\/2018 Le web [&hellip;]","og_url":"https:\/\/rma.legal\/fr\/declaration-daccessibilite\/","og_site_name":"Avocats du RMA","article_modified_time":"2025-05-15T14:43:51+00:00","twitter_card":"summary_large_image","twitter_misc":{"Dur\u00e9e de lecture estim\u00e9e":"2 minutes"},"schema":{"@context":"https:\/\/schema.org","@graph":[{"@type":"WebPage","@id":"https:\/\/rma.legal\/fr\/declaration-daccessibilite\/","url":"https:\/\/rma.legal\/fr\/declaration-daccessibilite\/","name":"D\u00e9claration d'accessibilit\u00e9 - Avocats du RMA","isPartOf":{"@id":"https:\/\/rma.legal\/fr\/#website"},"datePublished":"2025-04-04T04:13:12+00:00","dateModified":"2025-05-15T14:43:51+00:00","breadcrumb":{"@id":"https:\/\/rma.legal\/fr\/declaration-daccessibilite\/#breadcrumb"},"inLanguage":"fr-FR","potentialAction":[{"@type":"ReadAction","target":["https:\/\/rma.legal\/fr\/declaration-daccessibilite\/"]}]},{"@type":"BreadcrumbList","@id":"https:\/\/rma.legal\/fr\/declaration-daccessibilite\/#breadcrumb","itemListElement":[{"@type":"ListItem","position":1,"name":"Portada","item":"https:\/\/rma.legal\/fr\/"},{"@type":"ListItem","position":2,"name":"D\u00e9claration d&#8217;accessibilit\u00e9"}]},{"@type":"WebSite","@id":"https:\/\/rma.legal\/fr\/#website","url":"https:\/\/rma.legal\/fr\/","name":"Avocats du RMA","description":"RMA Legal Abogados","publisher":{"@id":"https:\/\/rma.legal\/fr\/#organization"},"potentialAction":[{"@type":"SearchAction","target":{"@type":"EntryPoint","urlTemplate":"https:\/\/rma.legal\/fr\/?s={search_term_string}"},"query-input":{"@type":"PropertyValueSpecification","valueRequired":true,"valueName":"search_term_string"}}],"inLanguage":"fr-FR"},{"@type":"Organization","@id":"https:\/\/rma.legal\/fr\/#organization","name":"Avocats du RMA","url":"https:\/\/rma.legal\/fr\/","logo":{"@type":"ImageObject","inLanguage":"fr-FR","@id":"https:\/\/rma.legal\/fr\/#\/schema\/logo\/image\/","url":"https:\/\/rma.legal\/wp-content\/uploads\/2025\/02\/Logo-rma-legal-invertido-footer-c-1.png","contentUrl":"https:\/\/rma.legal\/wp-content\/uploads\/2025\/02\/Logo-rma-legal-invertido-footer-c-1.png","width":300,"height":125,"caption":"Avocats du RMA"},"image":{"@id":"https:\/\/rma.legal\/fr\/#\/schema\/logo\/image\/"}}]}},"_links":{"self":[{"href":"https:\/\/rma.legal\/fr\/wp-json\/wp\/v2\/pages\/31480","targetHints":{"allow":["GET"]}}],"collection":[{"href":"https:\/\/rma.legal\/fr\/wp-json\/wp\/v2\/pages"}],"about":[{"href":"https:\/\/rma.legal\/fr\/wp-json\/wp\/v2\/types\/page"}],"author":[{"embeddable":true,"href":"https:\/\/rma.legal\/fr\/wp-json\/wp\/v2\/users\/2"}],"replies":[{"embeddable":true,"href":"https:\/\/rma.legal\/fr\/wp-json\/wp\/v2\/comments?post=31480"}],"version-history":[{"count":1,"href":"https:\/\/rma.legal\/fr\/wp-json\/wp\/v2\/pages\/31480\/revisions"}],"predecessor-version":[{"id":31481,"href":"https:\/\/rma.legal\/fr\/wp-json\/wp\/v2\/pages\/31480\/revisions\/31481"}],"wp:attachment":[{"href":"https:\/\/rma.legal\/fr\/wp-json\/wp\/v2\/media?parent=31480"}],"curies":[{"name":"wp","href":"https:\/\/api.w.org\/{rel}","templated":true}]}}