{"id":31389,"date":"2025-04-15T09:56:54","date_gmt":"2025-04-15T09:56:54","guid":{"rendered":"http:\/\/rma.legal\/alberto-garcia-lopez\/"},"modified":"2025-09-16T07:50:27","modified_gmt":"2025-09-16T07:50:27","slug":"alberto-garcia-lopez","status":"publish","type":"page","link":"https:\/\/rma.legal\/fr\/lequipe\/alberto-garcia-lopez\/","title":{"rendered":"Alberto Garc\u00eda L\u00f3pez"},"content":{"rendered":"\t\t<div data-elementor-type=\"wp-page\" data-elementor-id=\"31389\" class=\"elementor elementor-31389 elementor-30385\" data-elementor-post-type=\"page\">\n\t\t\t\t<div class=\"elementor-element elementor-element-55362789 e-flex e-con-boxed e-con e-parent\" data-id=\"55362789\" data-element_type=\"container\" data-settings=\"{&quot;background_background&quot;:&quot;classic&quot;}\">\n\t\t\t\t\t<div class=\"e-con-inner\">\n\t\t\t\t<div class=\"elementor-element elementor-element-7ef4d2b elementor-widget-divider--view-line elementor-widget elementor-widget-divider\" data-id=\"7ef4d2b\" data-element_type=\"widget\" data-widget_type=\"divider.default\">\n\t\t\t\t<div class=\"elementor-widget-container\">\n\t\t\t\t\t\t\t<div class=\"elementor-divider\">\n\t\t\t<span class=\"elementor-divider-separator\">\n\t\t\t\t\t\t<\/span>\n\t\t<\/div>\n\t\t\t\t\t\t<\/div>\n\t\t\t\t<\/div>\n\t\t\t\t\t<\/div>\n\t\t\t\t<\/div>\n\t\t<div class=\"elementor-element elementor-element-176ba9ff e-flex e-con-boxed e-con e-parent\" data-id=\"176ba9ff\" data-element_type=\"container\">\n\t\t\t\t\t<div class=\"e-con-inner\">\n\t\t<div class=\"elementor-element elementor-element-152abfcc e-con-full e-flex e-con e-child\" data-id=\"152abfcc\" data-element_type=\"container\">\n\t\t\t\t<div class=\"elementor-element elementor-element-a351cc7 elementor-widget elementor-widget-text-editor\" data-id=\"a351cc7\" data-element_type=\"widget\" data-widget_type=\"text-editor.default\">\n\t\t\t\t<div class=\"elementor-widget-container\">\n\t\t\t\t\t\t\t\t\t<p>Alberto parle espagnol, valencien, anglais et allemand.<\/p>\n<p><span style=\"letter-spacing: 0px;\">Il est titulaire d&rsquo;une licence en droit de l&rsquo;Universit\u00e9 de Valence \/ CEU San Pablo et est membre de l&rsquo;Ordre des avocats de Valence (ICAV) depuis 2002.<\/span><\/p>\n<p>Master en droit international des affaires de l&rsquo;Universit\u00e9 de Manchester (2001) et Master en droit de la propri\u00e9t\u00e9 intellectuelle et de la concurrence de l&rsquo;Institut Max Plank de Munich \/ Universit\u00e9 d&rsquo;Augsbourg (2014), o\u00f9 il a re\u00e7u le \u00ab\u00a0Prix OEHM\u00a0\u00bb pour le meilleur dossier acad\u00e9mique.<\/p>\n<p><span style=\"letter-spacing: 0px;\">Il a entam\u00e9 les cours de doctorat \u00e0 l&rsquo;Universit\u00e9 Polytechnique de Valence (UPV), en menant des recherches sur l&rsquo;efficacit\u00e9 des contrats de transfert de technologie comme moyen d&rsquo;autofinancement des universit\u00e9s et des centres publics de recherche.<\/span><\/p>\n<p>Il poss\u00e8de une vaste exp\u00e9rience professionnelle au niveau national et international dans la protection des droits et le traitement des dossiers de propri\u00e9t\u00e9 industrielle et intellectuelle, ainsi que dans la r\u00e9daction et la n\u00e9gociation de contrats de licence et de transfert de technologie.<\/p>\n<p>Il participe r\u00e9guli\u00e8rement \u00e0 des cours et \u00e0 des conf\u00e9rences et contribue \u00e0 des publications pour la diffusion de la propri\u00e9t\u00e9 industrielle et intellectuelle.<\/p>\t\t\t\t\t\t\t\t<\/div>\n\t\t\t\t<\/div>\n\t\t\t\t<div class=\"elementor-element elementor-element-6f73327 elementor-invisible elementor-widget elementor-widget-heading\" data-id=\"6f73327\" data-element_type=\"widget\" data-settings=\"{&quot;_animation&quot;:&quot;fadeInUp&quot;}\" data-widget_type=\"heading.default\">\n\t\t\t\t<div class=\"elementor-widget-container\">\n\t\t\t\t\t<h2 class=\"elementor-heading-title elementor-size-default\">Publications<\/h2>\t\t\t\t<\/div>\n\t\t\t\t<\/div>\n\t\t\t\t<div class=\"elementor-element elementor-element-03567a3 elementor-widget-divider--view-line elementor-widget elementor-widget-divider\" data-id=\"03567a3\" data-element_type=\"widget\" data-widget_type=\"divider.default\">\n\t\t\t\t<div class=\"elementor-widget-container\">\n\t\t\t\t\t\t\t<div class=\"elementor-divider\">\n\t\t\t<span class=\"elementor-divider-separator\">\n\t\t\t\t\t\t<\/span>\n\t\t<\/div>\n\t\t\t\t\t\t<\/div>\n\t\t\t\t<\/div>\n\t\t\t\t<div class=\"elementor-element elementor-element-a455be0 elementor-widget elementor-widget-text-editor\" data-id=\"a455be0\" data-element_type=\"widget\" data-widget_type=\"text-editor.default\">\n\t\t\t\t<div class=\"elementor-widget-container\">\n\t\t\t\t\t\t\t\t\t<p><a href=\"https:\/\/papers.ssrn.com\/sol3\/papers.cfm?abstract_id=2608398\" target=\"_blank\" rel=\"noopener\">\u00ab Qu&rsquo;est-ce qui est juste et raisonnable ? D\u00e9terminer les redevances FRAND : les t\u00e2ches difficiles des tribunaux et des arbitres dans la guerre des brevets sur les smartphones. Une proposition d&rsquo;arbitrage \u00bb.<\/a>  S\u00e9rie de th\u00e8ses de master du MIPLC (2013\/2014)<\/p>\t\t\t\t\t\t\t\t<\/div>\n\t\t\t\t<\/div>\n\t\t\t\t<div class=\"elementor-element elementor-element-e7dbce1 elementor-grid-1 elementor-posts--thumbnail-none elementor-grid-tablet-2 elementor-grid-mobile-1 elementor-widget elementor-widget-posts\" data-id=\"e7dbce1\" data-element_type=\"widget\" data-settings=\"{&quot;classic_columns&quot;:&quot;1&quot;,&quot;classic_row_gap&quot;:{&quot;unit&quot;:&quot;px&quot;,&quot;size&quot;:12,&quot;sizes&quot;:[]},&quot;classic_columns_tablet&quot;:&quot;2&quot;,&quot;classic_columns_mobile&quot;:&quot;1&quot;,&quot;classic_row_gap_widescreen&quot;:{&quot;unit&quot;:&quot;px&quot;,&quot;size&quot;:&quot;&quot;,&quot;sizes&quot;:[]},&quot;classic_row_gap_laptop&quot;:{&quot;unit&quot;:&quot;px&quot;,&quot;size&quot;:&quot;&quot;,&quot;sizes&quot;:[]},&quot;classic_row_gap_tablet_extra&quot;:{&quot;unit&quot;:&quot;px&quot;,&quot;size&quot;:&quot;&quot;,&quot;sizes&quot;:[]},&quot;classic_row_gap_tablet&quot;:{&quot;unit&quot;:&quot;px&quot;,&quot;size&quot;:&quot;&quot;,&quot;sizes&quot;:[]},&quot;classic_row_gap_mobile_extra&quot;:{&quot;unit&quot;:&quot;px&quot;,&quot;size&quot;:&quot;&quot;,&quot;sizes&quot;:[]},&quot;classic_row_gap_mobile&quot;:{&quot;unit&quot;:&quot;px&quot;,&quot;size&quot;:&quot;&quot;,&quot;sizes&quot;:[]}}\" data-widget_type=\"posts.classic\">\n\t\t\t\t<div class=\"elementor-widget-container\">\n\t\t\t\t\t\t\t<div class=\"elementor-posts-container elementor-posts elementor-posts--skin-classic elementor-grid\" role=\"list\">\n\t\t\t\t<article class=\"elementor-post elementor-grid-item post-27231 post type-post status-publish format-standard has-post-thumbnail hentry category-sin-categoria tag-cosmetica tag-designs tag-dior tag-disenos-ca tag-euipo-ca tag-guerlain tag-industria-cosmetica tag-innovacion tag-marcas-ca tag-oepm-ca tag-patentes-ca tag-patents tag-perfumeria tag-propiedad-industrial-ca tag-propiedad-intelectual-ca tag-stanpa tag-trademarks tag-ventaja-competitiva\" role=\"listitem\">\n\t\t\t\t<div class=\"elementor-post__text\">\n\t\t\t\t<h3 class=\"elementor-post__title\">\n\t\t\t<a href=\"https:\/\/rma.legal\/fr\/la-proteccion-del-cuidado-la-importancia-de-la-propiedad-industrial-en-el-sector-cosmetico\/\" >\n\t\t\t\tLa protecci\u00f3n del cuidado: la importancia de la propiedad industrial en el sector cosm\u00e9tico\t\t\t<\/a>\n\t\t<\/h3>\n\t\t\t\t<div class=\"elementor-post__meta-data\">\n\t\t\t\t\t<span class=\"elementor-post-date\">\n\t\t\toctobre 29, 2024\t\t<\/span>\n\t\t\t\t<\/div>\n\t\t\t\t<\/div>\n\t\t\t\t<\/article>\n\t\t\t\t<article class=\"elementor-post elementor-grid-item post-27059 post type-post status-publish format-standard hentry category-sin-categoria tag-copyright tag-derechos-de-autor tag-derechos-de-exclusiva tag-disenos-ca tag-disney tag-marcas-ca tag-merchandising tag-patentes-ca tag-propiedad-industrial-ca tag-propiedad-intelectual-ca tag-royalties\" role=\"listitem\">\n\t\t\t\t<div class=\"elementor-post__text\">\n\t\t\t\t<h3 class=\"elementor-post__title\">\n\t\t\t<a href=\"https:\/\/rma.legal\/fr\/disney-100-anos-de-propiedad-intelectual\/\" >\n\t\t\t\tDisney: \u00bf100 a\u00f1os de propiedad intelectual?\t\t\t<\/a>\n\t\t<\/h3>\n\t\t\t\t<div class=\"elementor-post__meta-data\">\n\t\t\t\t\t<span class=\"elementor-post-date\">\n\t\t\tnovembre 29, 2023\t\t<\/span>\n\t\t\t\t<\/div>\n\t\t\t\t<\/div>\n\t\t\t\t<\/article>\n\t\t\t\t<article class=\"elementor-post elementor-grid-item post-26727 post type-post status-publish format-standard hentry category-sin-categoria-ca tag-marca-de-la-union-europea-ca tag-marca-espanola tag-marcas-ca tag-obligacion-de-uso-de-la-marca tag-oepm-ca tag-oficina-espanola-de-patentes-y-marcas-ca tag-oposicion-ca tag-prueba-de-uso-ca tag-sentencia-ca tag-tribunal-superior-de-justicia tag-uso-efectivo-ca\" role=\"listitem\">\n\t\t\t\t<div class=\"elementor-post__text\">\n\t\t\t\t<h3 class=\"elementor-post__title\">\n\t\t\t<a href=\"https:\/\/rma.legal\/fr\/es-necesario-usar-las-marcas-de-la-ue-en-espana-para-presentar-oposiciones-ante-la-oepm\/\" >\n\t\t\t\t\u00bfEs necesario usar las marcas de la UE en Espa\u00f1a para presentar oposiciones ante la OEPM?\t\t\t<\/a>\n\t\t<\/h3>\n\t\t\t\t<div class=\"elementor-post__meta-data\">\n\t\t\t\t\t<span class=\"elementor-post-date\">\n\t\t\tseptembre 29, 2022\t\t<\/span>\n\t\t\t\t<\/div>\n\t\t\t\t<\/div>\n\t\t\t\t<\/article>\n\t\t\t\t<article class=\"elementor-post elementor-grid-item post-26546 post type-post status-publish format-standard hentry category-sin-categoria tag-anteproyecto-ca tag-autorizaciones tag-caducidad-de-marcas tag-coapi tag-ley-de-marcas-ca tag-marcas-ca tag-novedades-ley-de-marcas tag-nulidad-de-marcas tag-oepm-ca tag-plazos tag-recurso-de-alzada tag-registro tag-signo-distintivo\" role=\"listitem\">\n\t\t\t\t<div class=\"elementor-post__text\">\n\t\t\t\t<h3 class=\"elementor-post__title\">\n\t\t\t<a href=\"https:\/\/rma.legal\/fr\/modificacion-de-la-ley-de-marcas-que-hay-de-nuevo\/\" >\n\t\t\t\tModificaci\u00f3n de la ley de marcas. \u00bfQu\u00e9 hay de nuevo?\t\t\t<\/a>\n\t\t<\/h3>\n\t\t\t\t<div class=\"elementor-post__meta-data\">\n\t\t\t\t\t<span class=\"elementor-post-date\">\n\t\t\td\u00e9cembre 21, 2021\t\t<\/span>\n\t\t\t\t<\/div>\n\t\t\t\t<\/div>\n\t\t\t\t<\/article>\n\t\t\t\t<article class=\"elementor-post elementor-grid-item post-26427 post type-post status-publish format-standard hentry category-sin-categoria tag-autoria tag-copyright tag-derechos-de-autor tag-derechos-morales tag-derechos-patrimoniales tag-excepcion-de-panorama tag-ley-de-marcas-ca tag-ley-de-propiedad-intelectual tag-marca-es tag-registro-de-marca-de-mala-fe\" role=\"listitem\">\n\t\t\t\t<div class=\"elementor-post__text\">\n\t\t\t\t<h3 class=\"elementor-post__title\">\n\t\t\t<a href=\"https:\/\/rma.legal\/fr\/el-copyright-es-para-perdedores-el-misterio-de-banksy-y-los-derechos-de-autor\/\" >\n\t\t\t\t\u201cEl copyright es para perdedores\u201d- El misterio de Banksy y los derechos de autor\t\t\t<\/a>\n\t\t<\/h3>\n\t\t\t\t<div class=\"elementor-post__meta-data\">\n\t\t\t\t\t<span class=\"elementor-post-date\">\n\t\t\tf\u00e9vrier 10, 2021\t\t<\/span>\n\t\t\t\t<\/div>\n\t\t\t\t<\/div>\n\t\t\t\t<\/article>\n\t\t\t\t<article class=\"elementor-post elementor-grid-item post-26191 post type-post status-publish format-standard hentry category-sin-categoria tag-algoritmo tag-artificial-intelligence tag-autor tag-derechos-de-autor tag-gestion-de-derechos-de-propiedad-industrial tag-inteligencia-artificial tag-invenciones tag-inventor tag-obra-de-propiedad-intelectual tag-patentes-ca tag-programas-informaticos tag-propiedad-industrial-ca tag-propiedad-intelectual-ca\" role=\"listitem\">\n\t\t\t\t<div class=\"elementor-post__text\">\n\t\t\t\t<h3 class=\"elementor-post__title\">\n\t\t\t<a href=\"https:\/\/rma.legal\/fr\/suenan-los-jueces-con-sentencias-electricas\/\" >\n\t\t\t\t\u00bfSue\u00f1an los jueces con sentencias el\u00e9ctricas?\t\t\t<\/a>\n\t\t<\/h3>\n\t\t\t\t<div class=\"elementor-post__meta-data\">\n\t\t\t\t\t<span class=\"elementor-post-date\">\n\t\t\tjanvier 28, 2020\t\t<\/span>\n\t\t\t\t<\/div>\n\t\t\t\t<\/div>\n\t\t\t\t<\/article>\n\t\t\t\t<article class=\"elementor-post elementor-grid-item post-25931 post type-post status-publish format-standard hentry category-sin-categoria tag-caracter-distintivo tag-distintividad-intrinseca tag-distintividad-sobrevenida tag-ley-de-variantes-autorizadas tag-marca-de-la-union-europea-ca tag-marca-notoria tag-marcas-figurativas tag-marcas-patron tag-prueba-de-uso-ca tag-uso-de-la-marca tag-uso-de-la-marca-en-forma-distinta-a-como-esta-registrada\" role=\"listitem\">\n\t\t\t\t<div class=\"elementor-post__text\">\n\t\t\t\t<h3 class=\"elementor-post__title\">\n\t\t\t<a href=\"https:\/\/rma.legal\/fr\/ser-o-no-ser-esta-vez-le-ha-tocado-a-adidas\/\" >\n\t\t\t\t\u00bfSer o no ser? \u00a1Esta vez le ha tocado a Adidas!\t\t\t<\/a>\n\t\t<\/h3>\n\t\t\t\t<div class=\"elementor-post__meta-data\">\n\t\t\t\t\t<span class=\"elementor-post-date\">\n\t\t\tjuin 25, 2019\t\t<\/span>\n\t\t\t\t<\/div>\n\t\t\t\t<\/div>\n\t\t\t\t<\/article>\n\t\t\t\t<article class=\"elementor-post elementor-grid-item post-25845 post type-post status-publish format-standard hentry category-sin-categoria tag-anti-trust-act tag-derecho-de-patentes tag-falta-de-novedad tag-frand-licensing tag-guerra-de-patentes tag-infraccion-de-patente-ca tag-licencias-frand tag-maquina-de-coser tag-patent-thicket tag-patent-trolls tag-patentes-ca tag-patents-war tag-sewing-machine tag-transferencia-de-tecnologia\" role=\"listitem\">\n\t\t\t\t<div class=\"elementor-post__text\">\n\t\t\t\t<h3 class=\"elementor-post__title\">\n\t\t\t<a href=\"https:\/\/rma.legal\/fr\/ayer-y-hoy-de-las-guerras-de-patentes-de-las-maquinas-de-coser-al-internet-de-las-cosas\/\" >\n\t\t\t\tAYER Y HOY DE LAS GUERRAS DE PATENTES: DE LAS M\u00c1QUINAS DE COSER AL INTERNET DE LAS COSAS\t\t\t<\/a>\n\t\t<\/h3>\n\t\t\t\t<div class=\"elementor-post__meta-data\">\n\t\t\t\t\t<span class=\"elementor-post-date\">\n\t\t\tf\u00e9vrier 13, 2019\t\t<\/span>\n\t\t\t\t<\/div>\n\t\t\t\t<\/div>\n\t\t\t\t<\/article>\n\t\t\t\t<article class=\"elementor-post elementor-grid-item post-25218 post type-post status-publish format-standard hentry category-sin-categoria tag-diseno tag-louboutin tag-marca-de-posicion tag-marcas-ca tag-marcas-no-convencionales-ca\" role=\"listitem\">\n\t\t\t\t<div class=\"elementor-post__text\">\n\t\t\t\t<h3 class=\"elementor-post__title\">\n\t\t\t<a href=\"https:\/\/rma.legal\/fr\/la-suela-roja-de-louboutin-y-el-futuro-de-las-marcas-no-convencionales\/\" >\n\t\t\t\tLa suela roja de Louboutin y el futuro de las marcas no convencionales\t\t\t<\/a>\n\t\t<\/h3>\n\t\t\t\t<div class=\"elementor-post__meta-data\">\n\t\t\t\t\t<span class=\"elementor-post-date\">\n\t\t\tf\u00e9vrier 22, 2018\t\t<\/span>\n\t\t\t\t<\/div>\n\t\t\t\t<\/div>\n\t\t\t\t<\/article>\n\t\t\t\t<\/div>\n\t\t\n\t\t\t\t\t\t<\/div>\n\t\t\t\t<\/div>\n\t\t\t\t<\/div>\n\t\t<div class=\"elementor-element elementor-element-60b4681d e-con-full e-flex e-con e-child\" data-id=\"60b4681d\" data-element_type=\"container\" data-settings=\"{&quot;sticky&quot;:&quot;top&quot;,&quot;sticky_on&quot;:[&quot;widescreen&quot;,&quot;desktop&quot;,&quot;laptop&quot;,&quot;tablet_extra&quot;,&quot;tablet&quot;,&quot;mobile_extra&quot;],&quot;sticky_parent&quot;:&quot;yes&quot;,&quot;sticky_offset&quot;:0,&quot;sticky_effects_offset&quot;:0,&quot;sticky_anchor_link_offset&quot;:0}\">\n\t\t\t\t<div class=\"elementor-element elementor-element-f701d56 elementor-widget__width-initial elementor-widget-tablet__width-initial elementor-widget elementor-widget-image\" data-id=\"f701d56\" data-element_type=\"widget\" data-widget_type=\"image.default\">\n\t\t\t\t<div class=\"elementor-widget-container\">\n\t\t\t\t\t\t\t\t\t\t\t\t\t\t\t<img fetchpriority=\"high\" decoding=\"async\" width=\"500\" height=\"500\" src=\"https:\/\/rma.legal\/wp-content\/uploads\/2025\/04\/foto-perfil-alberto-garcia.webp\" class=\"attachment-large size-large wp-image-31379\" alt=\"foto-perfil-alberto-garcia\" srcset=\"https:\/\/rma.legal\/wp-content\/uploads\/2025\/04\/foto-perfil-alberto-garcia.webp 500w, https:\/\/rma.legal\/wp-content\/uploads\/2025\/04\/foto-perfil-alberto-garcia-300x300.webp 300w, https:\/\/rma.legal\/wp-content\/uploads\/2025\/04\/foto-perfil-alberto-garcia-150x150.webp 150w\" sizes=\"(max-width: 500px) 100vw, 500px\" \/>\t\t\t\t\t\t\t\t\t\t\t\t\t\t\t<\/div>\n\t\t\t\t<\/div>\n\t\t\t\t<div class=\"elementor-element elementor-element-46aba69 elementor-widget-tablet__width-initial elementor-widget elementor-widget-heading\" data-id=\"46aba69\" data-element_type=\"widget\" data-widget_type=\"heading.default\">\n\t\t\t\t<div class=\"elementor-widget-container\">\n\t\t\t\t\t<h2 class=\"elementor-heading-title elementor-size-default\">Avocat | Partenaire<\/h2>\t\t\t\t<\/div>\n\t\t\t\t<\/div>\n\t\t\t\t<div class=\"elementor-element elementor-element-c4f1840 elementor-icon-list--layout-inline elementor-align-left elementor-mobile-align-center elementor-list-item-link-full_width elementor-widget elementor-widget-icon-list\" data-id=\"c4f1840\" data-element_type=\"widget\" data-widget_type=\"icon-list.default\">\n\t\t\t\t<div class=\"elementor-widget-container\">\n\t\t\t\t\t\t\t<ul class=\"elementor-icon-list-items elementor-inline-items\">\n\t\t\t\t\t\t\t<li class=\"elementor-icon-list-item elementor-inline-item\">\n\t\t\t\t\t\t\t\t\t\t\t<a href=\"mailto:agarcia@rma.legal\" target=\"_blank\" rel=\"nofollow\" aria-label=\"\">\n\n\t\t\t\t\t\t\t\t\t\t\t\t<span class=\"elementor-icon-list-icon\">\n\t\t\t\t\t\t\t<svg aria-hidden=\"true\" class=\"e-font-icon-svg e-far-envelope\" viewBox=\"0 0 512 512\" xmlns=\"http:\/\/www.w3.org\/2000\/svg\"><path d=\"M464 64H48C21.49 64 0 85.49 0 112v288c0 26.51 21.49 48 48 48h416c26.51 0 48-21.49 48-48V112c0-26.51-21.49-48-48-48zm0 48v40.805c-22.422 18.259-58.168 46.651-134.587 106.49-16.841 13.247-50.201 45.072-73.413 44.701-23.208.375-56.579-31.459-73.413-44.701C106.18 199.465 70.425 171.067 48 152.805V112h416zM48 400V214.398c22.914 18.251 55.409 43.862 104.938 82.646 21.857 17.205 60.134 55.186 103.062 54.955 42.717.231 80.509-37.199 103.053-54.947 49.528-38.783 82.032-64.401 104.947-82.653V400H48z\"><\/path><\/svg>\t\t\t\t\t\t<\/span>\n\t\t\t\t\t\t\t\t\t\t<span class=\"elementor-icon-list-text\"><\/span>\n\t\t\t\t\t\t\t\t\t\t\t<\/a>\n\t\t\t\t\t\t\t\t\t<\/li>\n\t\t\t\t\t\t\t\t<li class=\"elementor-icon-list-item elementor-inline-item\">\n\t\t\t\t\t\t\t\t\t\t\t<a href=\"https:\/\/www.linkedin.com\/in\/albertogarcialopezip\/\" target=\"_blank\" aria-label=\"\">\n\n\t\t\t\t\t\t\t\t\t\t\t\t<span class=\"elementor-icon-list-icon\">\n\t\t\t\t\t\t\t<svg aria-hidden=\"true\" class=\"e-font-icon-svg e-fab-linkedin-in\" viewBox=\"0 0 448 512\" xmlns=\"http:\/\/www.w3.org\/2000\/svg\"><path d=\"M100.28 448H7.4V148.9h92.88zM53.79 108.1C24.09 108.1 0 83.5 0 53.8a53.79 53.79 0 0 1 107.58 0c0 29.7-24.1 54.3-53.79 54.3zM447.9 448h-92.68V302.4c0-34.7-.7-79.2-48.29-79.2-48.29 0-55.69 37.7-55.69 76.7V448h-92.78V148.9h89.08v40.8h1.3c12.4-23.5 42.69-48.3 87.88-48.3 94 0 111.28 61.9 111.28 142.3V448z\"><\/path><\/svg>\t\t\t\t\t\t<\/span>\n\t\t\t\t\t\t\t\t\t\t<span class=\"elementor-icon-list-text\"><\/span>\n\t\t\t\t\t\t\t\t\t\t\t<\/a>\n\t\t\t\t\t\t\t\t\t<\/li>\n\t\t\t\t\t\t<\/ul>\n\t\t\t\t\t\t<\/div>\n\t\t\t\t<\/div>\n\t\t\t\t<\/div>\n\t\t\t\t\t<\/div>\n\t\t\t\t<\/div>\n\t\t\t\t<\/div>\n\t\t","protected":false},"excerpt":{"rendered":"<p>Alberto parle espagnol, valencien, anglais et allemand. Il est titulaire d&rsquo;une licence en droit de l&rsquo;Universit\u00e9 de Valence \/ CEU San Pablo et est membre<\/p>\n","protected":false},"author":2,"featured_media":0,"parent":31541,"menu_order":0,"comment_status":"closed","ping_status":"closed","template":"","meta":{"footnotes":""},"class_list":["post-31389","page","type-page","status-publish","hentry"],"yoast_head":"<!-- This site is optimized with the Yoast SEO plugin v25.9 - https:\/\/yoast.com\/wordpress\/plugins\/seo\/ -->\n<title>Alberto Garc\u00eda L\u00f3pez - Avocats du RMA<\/title>\n<meta name=\"robots\" content=\"index, follow, max-snippet:-1, max-image-preview:large, max-video-preview:-1\" \/>\n<link rel=\"canonical\" href=\"https:\/\/rma.legal\/fr\/lequipe\/alberto-garcia-lopez\/\" \/>\n<meta property=\"og:locale\" content=\"fr_FR\" \/>\n<meta property=\"og:type\" content=\"article\" \/>\n<meta property=\"og:title\" content=\"Alberto Garc\u00eda L\u00f3pez - Avocats du RMA\" \/>\n<meta property=\"og:description\" content=\"Alberto parle espagnol, valencien, anglais et allemand. Il est titulaire d&rsquo;une licence en droit de l&rsquo;Universit\u00e9 de Valence \/ CEU San Pablo et est membre\" \/>\n<meta property=\"og:url\" content=\"https:\/\/rma.legal\/fr\/lequipe\/alberto-garcia-lopez\/\" \/>\n<meta property=\"og:site_name\" content=\"Avocats du RMA\" \/>\n<meta property=\"article:modified_time\" content=\"2025-09-16T07:50:27+00:00\" \/>\n<meta property=\"og:image\" content=\"https:\/\/rma.legal\/wp-content\/uploads\/2025\/04\/foto-perfil-alberto-garcia.webp\" \/>\n\t<meta property=\"og:image:width\" content=\"500\" \/>\n\t<meta property=\"og:image:height\" content=\"500\" \/>\n\t<meta property=\"og:image:type\" content=\"image\/webp\" \/>\n<meta name=\"twitter:card\" content=\"summary_large_image\" \/>\n<meta name=\"twitter:label1\" content=\"Dur\u00e9e de lecture estim\u00e9e\" \/>\n\t<meta name=\"twitter:data1\" content=\"1 minute\" \/>\n<script type=\"application\/ld+json\" class=\"yoast-schema-graph\">{\"@context\":\"https:\/\/schema.org\",\"@graph\":[{\"@type\":\"WebPage\",\"@id\":\"https:\/\/rma.legal\/fr\/lequipe\/alberto-garcia-lopez\/\",\"url\":\"https:\/\/rma.legal\/fr\/lequipe\/alberto-garcia-lopez\/\",\"name\":\"Alberto Garc\u00eda L\u00f3pez - Avocats du RMA\",\"isPartOf\":{\"@id\":\"https:\/\/rma.legal\/fr\/#website\"},\"primaryImageOfPage\":{\"@id\":\"https:\/\/rma.legal\/fr\/lequipe\/alberto-garcia-lopez\/#primaryimage\"},\"image\":{\"@id\":\"https:\/\/rma.legal\/fr\/lequipe\/alberto-garcia-lopez\/#primaryimage\"},\"thumbnailUrl\":\"https:\/\/rma.legal\/wp-content\/uploads\/2025\/04\/foto-perfil-alberto-garcia.webp\",\"datePublished\":\"2025-04-15T09:56:54+00:00\",\"dateModified\":\"2025-09-16T07:50:27+00:00\",\"breadcrumb\":{\"@id\":\"https:\/\/rma.legal\/fr\/lequipe\/alberto-garcia-lopez\/#breadcrumb\"},\"inLanguage\":\"fr-FR\",\"potentialAction\":[{\"@type\":\"ReadAction\",\"target\":[\"https:\/\/rma.legal\/fr\/lequipe\/alberto-garcia-lopez\/\"]}]},{\"@type\":\"ImageObject\",\"inLanguage\":\"fr-FR\",\"@id\":\"https:\/\/rma.legal\/fr\/lequipe\/alberto-garcia-lopez\/#primaryimage\",\"url\":\"https:\/\/rma.legal\/wp-content\/uploads\/2025\/04\/foto-perfil-alberto-garcia.webp\",\"contentUrl\":\"https:\/\/rma.legal\/wp-content\/uploads\/2025\/04\/foto-perfil-alberto-garcia.webp\"},{\"@type\":\"BreadcrumbList\",\"@id\":\"https:\/\/rma.legal\/fr\/lequipe\/alberto-garcia-lopez\/#breadcrumb\",\"itemListElement\":[{\"@type\":\"ListItem\",\"position\":1,\"name\":\"Portada\",\"item\":\"https:\/\/rma.legal\/fr\/\"},{\"@type\":\"ListItem\",\"position\":2,\"name\":\"L&#8217;\u00e9quipe\",\"item\":\"https:\/\/rma.legal\/fr\/team\/\"},{\"@type\":\"ListItem\",\"position\":3,\"name\":\"Alberto Garc\u00eda L\u00f3pez\"}]},{\"@type\":\"WebSite\",\"@id\":\"https:\/\/rma.legal\/fr\/#website\",\"url\":\"https:\/\/rma.legal\/fr\/\",\"name\":\"Avocats du RMA\",\"description\":\"RMA Legal Abogados\",\"publisher\":{\"@id\":\"https:\/\/rma.legal\/fr\/#organization\"},\"potentialAction\":[{\"@type\":\"SearchAction\",\"target\":{\"@type\":\"EntryPoint\",\"urlTemplate\":\"https:\/\/rma.legal\/fr\/?s={search_term_string}\"},\"query-input\":{\"@type\":\"PropertyValueSpecification\",\"valueRequired\":true,\"valueName\":\"search_term_string\"}}],\"inLanguage\":\"fr-FR\"},{\"@type\":\"Organization\",\"@id\":\"https:\/\/rma.legal\/fr\/#organization\",\"name\":\"Avocats du RMA\",\"url\":\"https:\/\/rma.legal\/fr\/\",\"logo\":{\"@type\":\"ImageObject\",\"inLanguage\":\"fr-FR\",\"@id\":\"https:\/\/rma.legal\/fr\/#\/schema\/logo\/image\/\",\"url\":\"https:\/\/rma.legal\/wp-content\/uploads\/2025\/02\/Logo-rma-legal-invertido-footer-c-1.png\",\"contentUrl\":\"https:\/\/rma.legal\/wp-content\/uploads\/2025\/02\/Logo-rma-legal-invertido-footer-c-1.png\",\"width\":300,\"height\":125,\"caption\":\"Avocats du RMA\"},\"image\":{\"@id\":\"https:\/\/rma.legal\/fr\/#\/schema\/logo\/image\/\"}}]}<\/script>\n<!-- \/ Yoast SEO plugin. -->","yoast_head_json":{"title":"Alberto Garc\u00eda L\u00f3pez - Avocats du RMA","robots":{"index":"index","follow":"follow","max-snippet":"max-snippet:-1","max-image-preview":"max-image-preview:large","max-video-preview":"max-video-preview:-1"},"canonical":"https:\/\/rma.legal\/fr\/lequipe\/alberto-garcia-lopez\/","og_locale":"fr_FR","og_type":"article","og_title":"Alberto Garc\u00eda L\u00f3pez - Avocats du RMA","og_description":"Alberto parle espagnol, valencien, anglais et allemand. Il est titulaire d&rsquo;une licence en droit de l&rsquo;Universit\u00e9 de Valence \/ CEU San Pablo et est membre","og_url":"https:\/\/rma.legal\/fr\/lequipe\/alberto-garcia-lopez\/","og_site_name":"Avocats du RMA","article_modified_time":"2025-09-16T07:50:27+00:00","og_image":[{"width":500,"height":500,"url":"https:\/\/rma.legal\/wp-content\/uploads\/2025\/04\/foto-perfil-alberto-garcia.webp","type":"image\/webp"}],"twitter_card":"summary_large_image","twitter_misc":{"Dur\u00e9e de lecture estim\u00e9e":"1 minute"},"schema":{"@context":"https:\/\/schema.org","@graph":[{"@type":"WebPage","@id":"https:\/\/rma.legal\/fr\/lequipe\/alberto-garcia-lopez\/","url":"https:\/\/rma.legal\/fr\/lequipe\/alberto-garcia-lopez\/","name":"Alberto Garc\u00eda L\u00f3pez - Avocats du RMA","isPartOf":{"@id":"https:\/\/rma.legal\/fr\/#website"},"primaryImageOfPage":{"@id":"https:\/\/rma.legal\/fr\/lequipe\/alberto-garcia-lopez\/#primaryimage"},"image":{"@id":"https:\/\/rma.legal\/fr\/lequipe\/alberto-garcia-lopez\/#primaryimage"},"thumbnailUrl":"https:\/\/rma.legal\/wp-content\/uploads\/2025\/04\/foto-perfil-alberto-garcia.webp","datePublished":"2025-04-15T09:56:54+00:00","dateModified":"2025-09-16T07:50:27+00:00","breadcrumb":{"@id":"https:\/\/rma.legal\/fr\/lequipe\/alberto-garcia-lopez\/#breadcrumb"},"inLanguage":"fr-FR","potentialAction":[{"@type":"ReadAction","target":["https:\/\/rma.legal\/fr\/lequipe\/alberto-garcia-lopez\/"]}]},{"@type":"ImageObject","inLanguage":"fr-FR","@id":"https:\/\/rma.legal\/fr\/lequipe\/alberto-garcia-lopez\/#primaryimage","url":"https:\/\/rma.legal\/wp-content\/uploads\/2025\/04\/foto-perfil-alberto-garcia.webp","contentUrl":"https:\/\/rma.legal\/wp-content\/uploads\/2025\/04\/foto-perfil-alberto-garcia.webp"},{"@type":"BreadcrumbList","@id":"https:\/\/rma.legal\/fr\/lequipe\/alberto-garcia-lopez\/#breadcrumb","itemListElement":[{"@type":"ListItem","position":1,"name":"Portada","item":"https:\/\/rma.legal\/fr\/"},{"@type":"ListItem","position":2,"name":"L&#8217;\u00e9quipe","item":"https:\/\/rma.legal\/fr\/team\/"},{"@type":"ListItem","position":3,"name":"Alberto Garc\u00eda L\u00f3pez"}]},{"@type":"WebSite","@id":"https:\/\/rma.legal\/fr\/#website","url":"https:\/\/rma.legal\/fr\/","name":"Avocats du RMA","description":"RMA Legal Abogados","publisher":{"@id":"https:\/\/rma.legal\/fr\/#organization"},"potentialAction":[{"@type":"SearchAction","target":{"@type":"EntryPoint","urlTemplate":"https:\/\/rma.legal\/fr\/?s={search_term_string}"},"query-input":{"@type":"PropertyValueSpecification","valueRequired":true,"valueName":"search_term_string"}}],"inLanguage":"fr-FR"},{"@type":"Organization","@id":"https:\/\/rma.legal\/fr\/#organization","name":"Avocats du RMA","url":"https:\/\/rma.legal\/fr\/","logo":{"@type":"ImageObject","inLanguage":"fr-FR","@id":"https:\/\/rma.legal\/fr\/#\/schema\/logo\/image\/","url":"https:\/\/rma.legal\/wp-content\/uploads\/2025\/02\/Logo-rma-legal-invertido-footer-c-1.png","contentUrl":"https:\/\/rma.legal\/wp-content\/uploads\/2025\/02\/Logo-rma-legal-invertido-footer-c-1.png","width":300,"height":125,"caption":"Avocats du RMA"},"image":{"@id":"https:\/\/rma.legal\/fr\/#\/schema\/logo\/image\/"}}]}},"_links":{"self":[{"href":"https:\/\/rma.legal\/fr\/wp-json\/wp\/v2\/pages\/31389","targetHints":{"allow":["GET"]}}],"collection":[{"href":"https:\/\/rma.legal\/fr\/wp-json\/wp\/v2\/pages"}],"about":[{"href":"https:\/\/rma.legal\/fr\/wp-json\/wp\/v2\/types\/page"}],"author":[{"embeddable":true,"href":"https:\/\/rma.legal\/fr\/wp-json\/wp\/v2\/users\/2"}],"replies":[{"embeddable":true,"href":"https:\/\/rma.legal\/fr\/wp-json\/wp\/v2\/comments?post=31389"}],"version-history":[{"count":6,"href":"https:\/\/rma.legal\/fr\/wp-json\/wp\/v2\/pages\/31389\/revisions"}],"predecessor-version":[{"id":32169,"href":"https:\/\/rma.legal\/fr\/wp-json\/wp\/v2\/pages\/31389\/revisions\/32169"}],"up":[{"embeddable":true,"href":"https:\/\/rma.legal\/fr\/wp-json\/wp\/v2\/pages\/31541"}],"wp:attachment":[{"href":"https:\/\/rma.legal\/fr\/wp-json\/wp\/v2\/media?parent=31389"}],"curies":[{"name":"wp","href":"https:\/\/api.w.org\/{rel}","templated":true}]}}