{"id":31456,"date":"2025-04-15T09:56:38","date_gmt":"2025-04-15T09:56:38","guid":{"rendered":"http:\/\/rma.legal\/jose-mora\/"},"modified":"2025-09-16T07:56:06","modified_gmt":"2025-09-16T07:56:06","slug":"jose-mora","status":"publish","type":"page","link":"https:\/\/rma.legal\/en\/team\/jose-mora\/","title":{"rendered":"Jose Mora"},"content":{"rendered":"\t\t<div data-elementor-type=\"wp-page\" data-elementor-id=\"31456\" class=\"elementor elementor-31456 elementor-30383\" data-elementor-post-type=\"page\">\n\t\t\t\t<div class=\"elementor-element elementor-element-55362789 e-flex e-con-boxed e-con e-parent\" data-id=\"55362789\" data-element_type=\"container\" data-settings=\"{&quot;background_background&quot;:&quot;classic&quot;}\">\n\t\t\t\t\t<div class=\"e-con-inner\">\n\t\t\t\t<div class=\"elementor-element elementor-element-7ef4d2b elementor-widget-divider--view-line elementor-widget elementor-widget-divider\" data-id=\"7ef4d2b\" data-element_type=\"widget\" data-widget_type=\"divider.default\">\n\t\t\t\t<div class=\"elementor-widget-container\">\n\t\t\t\t\t\t\t<div class=\"elementor-divider\">\n\t\t\t<span class=\"elementor-divider-separator\">\n\t\t\t\t\t\t<\/span>\n\t\t<\/div>\n\t\t\t\t\t\t<\/div>\n\t\t\t\t<\/div>\n\t\t\t\t\t<\/div>\n\t\t\t\t<\/div>\n\t\t<div class=\"elementor-element elementor-element-176ba9ff e-flex e-con-boxed e-con e-parent\" data-id=\"176ba9ff\" data-element_type=\"container\">\n\t\t\t\t\t<div class=\"e-con-inner\">\n\t\t<div class=\"elementor-element elementor-element-152abfcc e-con-full e-flex e-con e-child\" data-id=\"152abfcc\" data-element_type=\"container\">\n\t\t\t\t<div class=\"elementor-element elementor-element-a351cc7 elementor-widget elementor-widget-text-editor\" data-id=\"a351cc7\" data-element_type=\"widget\" data-widget_type=\"text-editor.default\">\n\t\t\t\t<div class=\"elementor-widget-container\">\n\t\t\t\t\t\t\t\t\t<p>Jose speaks Spanish, Valencian and English.<\/p><p>He holds a law degree from the Universitat de Val\u00e8ncia \/ CEU San Pablo and is a member of the Valencia Bar Association (ICAV), having been secretary of the Intellectual Property Section of the ICAV.<\/p><p>He has been a member of the Official Association of Industrial Property Agents since 2012.<\/p><p><span style=\"letter-spacing: 0px;\">Master in Industrial and Intellectual Property \/ Magister Lucentinus by the University of Alicante (1999), Master in Law and Information and Communication Technologies by the University of Valencia (2009) and Specialist in Market and Contracting by the UOC (2011).<\/span><\/p><p>He has extensive experience both in the prior advice and processing of industrial property rights (trademarks, designs and patents) and intellectual property rights, as well as in the contractual regulation of their exploitation and in their defense before the Courts.<\/p><p>He has participated as speaker in different conferences related to industrial and intellectual property (Universtitat Polit\u00e8cnica de Val\u00e8ncia, Chamber of Commerce of Valencia, Escola d&#8217;Art i Superior de Disseny de Val\u00e8ncia, Barcelona Bar Association, Universidad Internacional Men\u00e9ndez Pelayo).<\/p>\t\t\t\t\t\t\t\t<\/div>\n\t\t\t\t<\/div>\n\t\t\t\t<div class=\"elementor-element elementor-element-6f73327 elementor-invisible elementor-widget elementor-widget-heading\" data-id=\"6f73327\" data-element_type=\"widget\" data-settings=\"{&quot;_animation&quot;:&quot;fadeInUp&quot;}\" data-widget_type=\"heading.default\">\n\t\t\t\t<div class=\"elementor-widget-container\">\n\t\t\t\t\t<h2 class=\"elementor-heading-title elementor-size-default\">Publications<\/h2>\t\t\t\t<\/div>\n\t\t\t\t<\/div>\n\t\t\t\t<div class=\"elementor-element elementor-element-03567a3 elementor-widget-divider--view-line elementor-widget elementor-widget-divider\" data-id=\"03567a3\" data-element_type=\"widget\" data-widget_type=\"divider.default\">\n\t\t\t\t<div class=\"elementor-widget-container\">\n\t\t\t\t\t\t\t<div class=\"elementor-divider\">\n\t\t\t<span class=\"elementor-divider-separator\">\n\t\t\t\t\t\t<\/span>\n\t\t<\/div>\n\t\t\t\t\t\t<\/div>\n\t\t\t\t<\/div>\n\t\t\t\t<div class=\"elementor-element elementor-element-a455be0 elementor-widget elementor-widget-text-editor\" data-id=\"a455be0\" data-element_type=\"widget\" data-widget_type=\"text-editor.default\">\n\t\t\t\t<div class=\"elementor-widget-container\">\n\t\t\t\t\t\t\t\t\t<p>Co-author of \u201cComentarios a la Ley de Propiedad Intelectual\u201d (Editorial Tirant lo Blanch, 2017). Articles 21 to 23 of the Loi.<\/p>\t\t\t\t\t\t\t\t<\/div>\n\t\t\t\t<\/div>\n\t\t\t\t<div class=\"elementor-element elementor-element-e7dbce1 elementor-grid-1 elementor-posts--thumbnail-none elementor-grid-tablet-2 elementor-grid-mobile-1 elementor-widget elementor-widget-posts\" data-id=\"e7dbce1\" data-element_type=\"widget\" data-settings=\"{&quot;classic_columns&quot;:&quot;1&quot;,&quot;classic_row_gap&quot;:{&quot;unit&quot;:&quot;px&quot;,&quot;size&quot;:12,&quot;sizes&quot;:[]},&quot;classic_columns_tablet&quot;:&quot;2&quot;,&quot;classic_columns_mobile&quot;:&quot;1&quot;,&quot;classic_row_gap_widescreen&quot;:{&quot;unit&quot;:&quot;px&quot;,&quot;size&quot;:&quot;&quot;,&quot;sizes&quot;:[]},&quot;classic_row_gap_laptop&quot;:{&quot;unit&quot;:&quot;px&quot;,&quot;size&quot;:&quot;&quot;,&quot;sizes&quot;:[]},&quot;classic_row_gap_tablet_extra&quot;:{&quot;unit&quot;:&quot;px&quot;,&quot;size&quot;:&quot;&quot;,&quot;sizes&quot;:[]},&quot;classic_row_gap_tablet&quot;:{&quot;unit&quot;:&quot;px&quot;,&quot;size&quot;:&quot;&quot;,&quot;sizes&quot;:[]},&quot;classic_row_gap_mobile_extra&quot;:{&quot;unit&quot;:&quot;px&quot;,&quot;size&quot;:&quot;&quot;,&quot;sizes&quot;:[]},&quot;classic_row_gap_mobile&quot;:{&quot;unit&quot;:&quot;px&quot;,&quot;size&quot;:&quot;&quot;,&quot;sizes&quot;:[]}}\" data-widget_type=\"posts.classic\">\n\t\t\t\t<div class=\"elementor-widget-container\">\n\t\t\t\t\t\t\t<div class=\"elementor-posts-container elementor-posts elementor-posts--skin-classic elementor-grid\" role=\"list\">\n\t\t\t\t<article class=\"elementor-post elementor-grid-item post-26674 post type-post status-publish format-standard hentry category-sin-categoria tag-derecho-a-la-integridad-derechos-morales-derechos-de-autor-propiedad-intelectual-copyright\" role=\"listitem\">\n\t\t\t\t<div class=\"elementor-post__text\">\n\t\t\t\t<h3 class=\"elementor-post__title\">\n\t\t\t<a href=\"https:\/\/rma.legal\/en\/copyright-is-in-the-air\/\" >\n\t\t\t\tCopyright is in the air.\t\t\t<\/a>\n\t\t<\/h3>\n\t\t\t\t<div class=\"elementor-post__meta-data\">\n\t\t\t\t\t<span class=\"elementor-post-date\">\n\t\t\tMarch 29, 2022\t\t<\/span>\n\t\t\t\t<\/div>\n\t\t\t\t<\/div>\n\t\t\t\t<\/article>\n\t\t\t\t<article class=\"elementor-post elementor-grid-item post-26509 post type-post status-publish format-standard hentry category-sin-categoria tag-diseno tag-infraccion-de-patente-ca tag-innovacion tag-motos tag-patente-europea tag-patentes-ca tag-peugeot tag-piaggio tag-scooter\" role=\"listitem\">\n\t\t\t\t<div class=\"elementor-post__text\">\n\t\t\t\t<h3 class=\"elementor-post__title\">\n\t\t\t<a href=\"https:\/\/rma.legal\/en\/piaggio-vs-peugeot-nadie-dijo-que-fuera-facil\/\" >\n\t\t\t\tPiaggio VS Peugeot. Nadie dijo que fuera f\u00e1cil.\t\t\t<\/a>\n\t\t<\/h3>\n\t\t\t\t<div class=\"elementor-post__meta-data\">\n\t\t\t\t\t<span class=\"elementor-post-date\">\n\t\t\tSeptember 28, 2021\t\t<\/span>\n\t\t\t\t<\/div>\n\t\t\t\t<\/div>\n\t\t\t\t<\/article>\n\t\t\t\t<article class=\"elementor-post elementor-grid-item post-26291 post type-post status-publish format-standard hentry category-sin-categoria tag-clasificacion-de-niza tag-derecho-de-marcas tag-marcas-ca tag-nomenclator-internacional tag-productos-y-servicios tag-registro-de-marcas-ca\" role=\"listitem\">\n\t\t\t\t<div class=\"elementor-post__text\">\n\t\t\t\t<h3 class=\"elementor-post__title\">\n\t\t\t<a href=\"https:\/\/rma.legal\/en\/la-importancia-de-llamarse-ernesto-y-escribirlo-bien\/\" >\n\t\t\t\tLa importancia de llamarse Ernesto \u2026 y escribirlo bien\t\t\t<\/a>\n\t\t<\/h3>\n\t\t\t\t<div class=\"elementor-post__meta-data\">\n\t\t\t\t\t<span class=\"elementor-post-date\">\n\t\t\tSeptember 22, 2020\t\t<\/span>\n\t\t\t\t<\/div>\n\t\t\t\t<\/div>\n\t\t\t\t<\/article>\n\t\t\t\t<article class=\"elementor-post elementor-grid-item post-25872 post type-post status-publish format-standard hentry category-sin-categoria tag-brexit tag-conversion tag-derechos-de-propiedad-industrial tag-diseno tag-diseno-no-registrado tag-euipo-ca tag-marcas-ca tag-marcas-de-la-union-europea tag-oposicion-ca tag-registro-de-diseno tag-registro-de-marca-ca tag-reino-unido tag-transformacion\" role=\"listitem\">\n\t\t\t\t<div class=\"elementor-post__text\">\n\t\t\t\t<h3 class=\"elementor-post__title\">\n\t\t\t<a href=\"https:\/\/rma.legal\/en\/oh-my-god-brexit-is-coming-or-not\/\" >\n\t\t\t\tOh my god! Brexit is coming&#8230; or not\t\t\t<\/a>\n\t\t<\/h3>\n\t\t\t\t<div class=\"elementor-post__meta-data\">\n\t\t\t\t\t<span class=\"elementor-post-date\">\n\t\t\tMarch 13, 2019\t\t<\/span>\n\t\t\t\t<\/div>\n\t\t\t\t<\/div>\n\t\t\t\t<\/article>\n\t\t\t\t<article class=\"elementor-post elementor-grid-item post-25490 post type-post status-publish format-standard hentry category-sin-categoria tag-caducidad-ca tag-capacidad-distintiva tag-marcas-ca tag-uso-de-la-marca tag-vulgarizacion\" role=\"listitem\">\n\t\t\t\t<div class=\"elementor-post__text\">\n\t\t\t\t<h3 class=\"elementor-post__title\">\n\t\t\t<a href=\"https:\/\/rma.legal\/en\/dame-un-kleenex-que-me-he-quedado-sin-el-aftersun\/\" >\n\t\t\t\tDame un Kleenex que me he quedado sin el Aftersun.\t\t\t<\/a>\n\t\t<\/h3>\n\t\t\t\t<div class=\"elementor-post__meta-data\">\n\t\t\t\t\t<span class=\"elementor-post-date\">\n\t\t\tJuly 26, 2018\t\t<\/span>\n\t\t\t\t<\/div>\n\t\t\t\t<\/div>\n\t\t\t\t<\/article>\n\t\t\t\t<article class=\"elementor-post elementor-grid-item post-25278 post type-post status-publish format-standard hentry category-sin-categoria tag-derechos-de-exclusiva tag-disenos-ca tag-instrumento-competitivo tag-marcas-ca\" role=\"listitem\">\n\t\t\t\t<div class=\"elementor-post__text\">\n\t\t\t\t<h3 class=\"elementor-post__title\">\n\t\t\t<a href=\"https:\/\/rma.legal\/en\/lo-ves-lo-ves-ya-no-lo-ves\/\" >\n\t\t\t\tLo ves, lo ves, ya no lo ves\t\t\t<\/a>\n\t\t<\/h3>\n\t\t\t\t<div class=\"elementor-post__meta-data\">\n\t\t\t\t\t<span class=\"elementor-post-date\">\n\t\t\tApril 12, 2018\t\t<\/span>\n\t\t\t\t<\/div>\n\t\t\t\t<\/div>\n\t\t\t\t<\/article>\n\t\t\t\t<\/div>\n\t\t\n\t\t\t\t\t\t<\/div>\n\t\t\t\t<\/div>\n\t\t\t\t<\/div>\n\t\t<div class=\"elementor-element elementor-element-60b4681d e-con-full e-flex e-con e-child\" data-id=\"60b4681d\" data-element_type=\"container\" data-settings=\"{&quot;sticky&quot;:&quot;top&quot;,&quot;sticky_on&quot;:[&quot;widescreen&quot;,&quot;desktop&quot;,&quot;laptop&quot;,&quot;tablet_extra&quot;,&quot;tablet&quot;,&quot;mobile_extra&quot;],&quot;sticky_parent&quot;:&quot;yes&quot;,&quot;sticky_offset&quot;:0,&quot;sticky_effects_offset&quot;:0,&quot;sticky_anchor_link_offset&quot;:0}\">\n\t\t\t\t<div class=\"elementor-element elementor-element-f701d56 elementor-widget__width-initial elementor-widget-tablet__width-initial elementor-widget elementor-widget-image\" data-id=\"f701d56\" data-element_type=\"widget\" data-widget_type=\"image.default\">\n\t\t\t\t<div class=\"elementor-widget-container\">\n\t\t\t\t\t\t\t\t\t\t\t\t\t\t\t<img fetchpriority=\"high\" decoding=\"async\" width=\"500\" height=\"500\" src=\"https:\/\/rma.legal\/wp-content\/uploads\/2025\/03\/foto-perfil-jose.webp\" class=\"attachment-large size-large wp-image-31303\" alt=\"foto-perfil-jose\" srcset=\"https:\/\/rma.legal\/wp-content\/uploads\/2025\/03\/foto-perfil-jose.webp 500w, https:\/\/rma.legal\/wp-content\/uploads\/2025\/03\/foto-perfil-jose-300x300.webp 300w, https:\/\/rma.legal\/wp-content\/uploads\/2025\/03\/foto-perfil-jose-150x150.webp 150w\" sizes=\"(max-width: 500px) 100vw, 500px\" \/>\t\t\t\t\t\t\t\t\t\t\t\t\t\t\t<\/div>\n\t\t\t\t<\/div>\n\t\t\t\t<div class=\"elementor-element elementor-element-46aba69 elementor-widget-tablet__width-initial elementor-widget elementor-widget-heading\" data-id=\"46aba69\" data-element_type=\"widget\" data-widget_type=\"heading.default\">\n\t\t\t\t<div class=\"elementor-widget-container\">\n\t\t\t\t\t<h2 class=\"elementor-heading-title elementor-size-default\">Lawyer | Partner | Patent&amp;Trademark Attorney<\/h2>\t\t\t\t<\/div>\n\t\t\t\t<\/div>\n\t\t\t\t<div class=\"elementor-element elementor-element-b715af9 elementor-icon-list--layout-inline elementor-align-left elementor-mobile-align-center elementor-list-item-link-full_width elementor-widget elementor-widget-icon-list\" data-id=\"b715af9\" data-element_type=\"widget\" data-widget_type=\"icon-list.default\">\n\t\t\t\t<div class=\"elementor-widget-container\">\n\t\t\t\t\t\t\t<ul class=\"elementor-icon-list-items elementor-inline-items\">\n\t\t\t\t\t\t\t<li class=\"elementor-icon-list-item elementor-inline-item\">\n\t\t\t\t\t\t\t\t\t\t\t<a href=\"mailto:jmora@rma.legal\" target=\"_blank\" rel=\"nofollow\" aria-label=\"\">\n\n\t\t\t\t\t\t\t\t\t\t\t\t<span class=\"elementor-icon-list-icon\">\n\t\t\t\t\t\t\t<svg aria-hidden=\"true\" class=\"e-font-icon-svg e-far-envelope\" viewBox=\"0 0 512 512\" xmlns=\"http:\/\/www.w3.org\/2000\/svg\"><path d=\"M464 64H48C21.49 64 0 85.49 0 112v288c0 26.51 21.49 48 48 48h416c26.51 0 48-21.49 48-48V112c0-26.51-21.49-48-48-48zm0 48v40.805c-22.422 18.259-58.168 46.651-134.587 106.49-16.841 13.247-50.201 45.072-73.413 44.701-23.208.375-56.579-31.459-73.413-44.701C106.18 199.465 70.425 171.067 48 152.805V112h416zM48 400V214.398c22.914 18.251 55.409 43.862 104.938 82.646 21.857 17.205 60.134 55.186 103.062 54.955 42.717.231 80.509-37.199 103.053-54.947 49.528-38.783 82.032-64.401 104.947-82.653V400H48z\"><\/path><\/svg>\t\t\t\t\t\t<\/span>\n\t\t\t\t\t\t\t\t\t\t<span class=\"elementor-icon-list-text\"><\/span>\n\t\t\t\t\t\t\t\t\t\t\t<\/a>\n\t\t\t\t\t\t\t\t\t<\/li>\n\t\t\t\t\t\t\t\t<li class=\"elementor-icon-list-item elementor-inline-item\">\n\t\t\t\t\t\t\t\t\t\t\t<a href=\"https:\/\/www.linkedin.com\/in\/jomora\/\" target=\"_blank\" aria-label=\"\">\n\n\t\t\t\t\t\t\t\t\t\t\t\t<span class=\"elementor-icon-list-icon\">\n\t\t\t\t\t\t\t<svg aria-hidden=\"true\" class=\"e-font-icon-svg e-fab-linkedin-in\" viewBox=\"0 0 448 512\" xmlns=\"http:\/\/www.w3.org\/2000\/svg\"><path d=\"M100.28 448H7.4V148.9h92.88zM53.79 108.1C24.09 108.1 0 83.5 0 53.8a53.79 53.79 0 0 1 107.58 0c0 29.7-24.1 54.3-53.79 54.3zM447.9 448h-92.68V302.4c0-34.7-.7-79.2-48.29-79.2-48.29 0-55.69 37.7-55.69 76.7V448h-92.78V148.9h89.08v40.8h1.3c12.4-23.5 42.69-48.3 87.88-48.3 94 0 111.28 61.9 111.28 142.3V448z\"><\/path><\/svg>\t\t\t\t\t\t<\/span>\n\t\t\t\t\t\t\t\t\t\t<span class=\"elementor-icon-list-text\"><\/span>\n\t\t\t\t\t\t\t\t\t\t\t<\/a>\n\t\t\t\t\t\t\t\t\t<\/li>\n\t\t\t\t\t\t<\/ul>\n\t\t\t\t\t\t<\/div>\n\t\t\t\t<\/div>\n\t\t\t\t<\/div>\n\t\t\t\t\t<\/div>\n\t\t\t\t<\/div>\n\t\t\t\t<\/div>\n\t\t","protected":false},"excerpt":{"rendered":"<p>Jose speaks Spanish, Valencian and English. He holds a law degree from the Universitat de Val\u00e8ncia \/ CEU San Pablo and is a member of<\/p>\n","protected":false},"author":2,"featured_media":0,"parent":31517,"menu_order":0,"comment_status":"closed","ping_status":"closed","template":"","meta":{"footnotes":""},"class_list":["post-31456","page","type-page","status-publish","hentry"],"yoast_head":"<!-- This site is optimized with the Yoast SEO plugin v25.9 - https:\/\/yoast.com\/wordpress\/plugins\/seo\/ -->\n<title>Jose Mora - RMA Attorneys at Law<\/title>\n<meta name=\"robots\" content=\"index, follow, max-snippet:-1, max-image-preview:large, max-video-preview:-1\" \/>\n<link rel=\"canonical\" href=\"https:\/\/rma.legal\/en\/team\/jose-mora\/\" \/>\n<meta property=\"og:locale\" content=\"en_US\" \/>\n<meta property=\"og:type\" content=\"article\" \/>\n<meta property=\"og:title\" content=\"Jose Mora - RMA Attorneys at Law\" \/>\n<meta property=\"og:description\" content=\"Jose speaks Spanish, Valencian and English. He holds a law degree from the Universitat de Val\u00e8ncia \/ CEU San Pablo and is a member of\" \/>\n<meta property=\"og:url\" content=\"https:\/\/rma.legal\/en\/team\/jose-mora\/\" \/>\n<meta property=\"og:site_name\" content=\"RMA Attorneys at Law\" \/>\n<meta property=\"article:modified_time\" content=\"2025-09-16T07:56:06+00:00\" \/>\n<meta property=\"og:image\" content=\"https:\/\/rma.legal\/wp-content\/uploads\/2025\/03\/foto-perfil-jose.webp\" \/>\n\t<meta property=\"og:image:width\" content=\"500\" \/>\n\t<meta property=\"og:image:height\" content=\"500\" \/>\n\t<meta property=\"og:image:type\" content=\"image\/webp\" \/>\n<meta name=\"twitter:card\" content=\"summary_large_image\" \/>\n<meta name=\"twitter:label1\" content=\"Est. reading time\" \/>\n\t<meta name=\"twitter:data1\" content=\"1 minute\" \/>\n<script type=\"application\/ld+json\" class=\"yoast-schema-graph\">{\"@context\":\"https:\/\/schema.org\",\"@graph\":[{\"@type\":\"WebPage\",\"@id\":\"https:\/\/rma.legal\/en\/team\/jose-mora\/\",\"url\":\"https:\/\/rma.legal\/en\/team\/jose-mora\/\",\"name\":\"Jose Mora - RMA Attorneys at Law\",\"isPartOf\":{\"@id\":\"https:\/\/rma.legal\/en\/#website\"},\"primaryImageOfPage\":{\"@id\":\"https:\/\/rma.legal\/en\/team\/jose-mora\/#primaryimage\"},\"image\":{\"@id\":\"https:\/\/rma.legal\/en\/team\/jose-mora\/#primaryimage\"},\"thumbnailUrl\":\"https:\/\/rma.legal\/wp-content\/uploads\/2025\/03\/foto-perfil-jose.webp\",\"datePublished\":\"2025-04-15T09:56:38+00:00\",\"dateModified\":\"2025-09-16T07:56:06+00:00\",\"breadcrumb\":{\"@id\":\"https:\/\/rma.legal\/en\/team\/jose-mora\/#breadcrumb\"},\"inLanguage\":\"en-US\",\"potentialAction\":[{\"@type\":\"ReadAction\",\"target\":[\"https:\/\/rma.legal\/en\/team\/jose-mora\/\"]}]},{\"@type\":\"ImageObject\",\"inLanguage\":\"en-US\",\"@id\":\"https:\/\/rma.legal\/en\/team\/jose-mora\/#primaryimage\",\"url\":\"https:\/\/rma.legal\/wp-content\/uploads\/2025\/03\/foto-perfil-jose.webp\",\"contentUrl\":\"https:\/\/rma.legal\/wp-content\/uploads\/2025\/03\/foto-perfil-jose.webp\"},{\"@type\":\"BreadcrumbList\",\"@id\":\"https:\/\/rma.legal\/en\/team\/jose-mora\/#breadcrumb\",\"itemListElement\":[{\"@type\":\"ListItem\",\"position\":1,\"name\":\"Portada\",\"item\":\"https:\/\/rma.legal\/en\/\"},{\"@type\":\"ListItem\",\"position\":2,\"name\":\"Team\",\"item\":\"https:\/\/rma.legal\/en\/equip\/\"},{\"@type\":\"ListItem\",\"position\":3,\"name\":\"Jose Mora\"}]},{\"@type\":\"WebSite\",\"@id\":\"https:\/\/rma.legal\/en\/#website\",\"url\":\"https:\/\/rma.legal\/en\/\",\"name\":\"RMA Attorneys at Law\",\"description\":\"RMA Legal Attorneys\",\"publisher\":{\"@id\":\"https:\/\/rma.legal\/en\/#organization\"},\"potentialAction\":[{\"@type\":\"SearchAction\",\"target\":{\"@type\":\"EntryPoint\",\"urlTemplate\":\"https:\/\/rma.legal\/en\/?s={search_term_string}\"},\"query-input\":{\"@type\":\"PropertyValueSpecification\",\"valueRequired\":true,\"valueName\":\"search_term_string\"}}],\"inLanguage\":\"en-US\"},{\"@type\":\"Organization\",\"@id\":\"https:\/\/rma.legal\/en\/#organization\",\"name\":\"RMA Attorneys at Law\",\"url\":\"https:\/\/rma.legal\/en\/\",\"logo\":{\"@type\":\"ImageObject\",\"inLanguage\":\"en-US\",\"@id\":\"https:\/\/rma.legal\/en\/#\/schema\/logo\/image\/\",\"url\":\"https:\/\/rma.legal\/wp-content\/uploads\/2025\/02\/Logo-rma-legal-invertido-footer-c-1.png\",\"contentUrl\":\"https:\/\/rma.legal\/wp-content\/uploads\/2025\/02\/Logo-rma-legal-invertido-footer-c-1.png\",\"width\":300,\"height\":125,\"caption\":\"RMA Attorneys at Law\"},\"image\":{\"@id\":\"https:\/\/rma.legal\/en\/#\/schema\/logo\/image\/\"}}]}<\/script>\n<!-- \/ Yoast SEO plugin. -->","yoast_head_json":{"title":"Jose Mora - RMA Attorneys at Law","robots":{"index":"index","follow":"follow","max-snippet":"max-snippet:-1","max-image-preview":"max-image-preview:large","max-video-preview":"max-video-preview:-1"},"canonical":"https:\/\/rma.legal\/en\/team\/jose-mora\/","og_locale":"en_US","og_type":"article","og_title":"Jose Mora - RMA Attorneys at Law","og_description":"Jose speaks Spanish, Valencian and English. He holds a law degree from the Universitat de Val\u00e8ncia \/ CEU San Pablo and is a member of","og_url":"https:\/\/rma.legal\/en\/team\/jose-mora\/","og_site_name":"RMA Attorneys at Law","article_modified_time":"2025-09-16T07:56:06+00:00","og_image":[{"width":500,"height":500,"url":"https:\/\/rma.legal\/wp-content\/uploads\/2025\/03\/foto-perfil-jose.webp","type":"image\/webp"}],"twitter_card":"summary_large_image","twitter_misc":{"Est. reading time":"1 minute"},"schema":{"@context":"https:\/\/schema.org","@graph":[{"@type":"WebPage","@id":"https:\/\/rma.legal\/en\/team\/jose-mora\/","url":"https:\/\/rma.legal\/en\/team\/jose-mora\/","name":"Jose Mora - RMA Attorneys at Law","isPartOf":{"@id":"https:\/\/rma.legal\/en\/#website"},"primaryImageOfPage":{"@id":"https:\/\/rma.legal\/en\/team\/jose-mora\/#primaryimage"},"image":{"@id":"https:\/\/rma.legal\/en\/team\/jose-mora\/#primaryimage"},"thumbnailUrl":"https:\/\/rma.legal\/wp-content\/uploads\/2025\/03\/foto-perfil-jose.webp","datePublished":"2025-04-15T09:56:38+00:00","dateModified":"2025-09-16T07:56:06+00:00","breadcrumb":{"@id":"https:\/\/rma.legal\/en\/team\/jose-mora\/#breadcrumb"},"inLanguage":"en-US","potentialAction":[{"@type":"ReadAction","target":["https:\/\/rma.legal\/en\/team\/jose-mora\/"]}]},{"@type":"ImageObject","inLanguage":"en-US","@id":"https:\/\/rma.legal\/en\/team\/jose-mora\/#primaryimage","url":"https:\/\/rma.legal\/wp-content\/uploads\/2025\/03\/foto-perfil-jose.webp","contentUrl":"https:\/\/rma.legal\/wp-content\/uploads\/2025\/03\/foto-perfil-jose.webp"},{"@type":"BreadcrumbList","@id":"https:\/\/rma.legal\/en\/team\/jose-mora\/#breadcrumb","itemListElement":[{"@type":"ListItem","position":1,"name":"Portada","item":"https:\/\/rma.legal\/en\/"},{"@type":"ListItem","position":2,"name":"Team","item":"https:\/\/rma.legal\/en\/equip\/"},{"@type":"ListItem","position":3,"name":"Jose Mora"}]},{"@type":"WebSite","@id":"https:\/\/rma.legal\/en\/#website","url":"https:\/\/rma.legal\/en\/","name":"RMA Attorneys at Law","description":"RMA Legal Attorneys","publisher":{"@id":"https:\/\/rma.legal\/en\/#organization"},"potentialAction":[{"@type":"SearchAction","target":{"@type":"EntryPoint","urlTemplate":"https:\/\/rma.legal\/en\/?s={search_term_string}"},"query-input":{"@type":"PropertyValueSpecification","valueRequired":true,"valueName":"search_term_string"}}],"inLanguage":"en-US"},{"@type":"Organization","@id":"https:\/\/rma.legal\/en\/#organization","name":"RMA Attorneys at Law","url":"https:\/\/rma.legal\/en\/","logo":{"@type":"ImageObject","inLanguage":"en-US","@id":"https:\/\/rma.legal\/en\/#\/schema\/logo\/image\/","url":"https:\/\/rma.legal\/wp-content\/uploads\/2025\/02\/Logo-rma-legal-invertido-footer-c-1.png","contentUrl":"https:\/\/rma.legal\/wp-content\/uploads\/2025\/02\/Logo-rma-legal-invertido-footer-c-1.png","width":300,"height":125,"caption":"RMA Attorneys at Law"},"image":{"@id":"https:\/\/rma.legal\/en\/#\/schema\/logo\/image\/"}}]}},"_links":{"self":[{"href":"https:\/\/rma.legal\/en\/wp-json\/wp\/v2\/pages\/31456","targetHints":{"allow":["GET"]}}],"collection":[{"href":"https:\/\/rma.legal\/en\/wp-json\/wp\/v2\/pages"}],"about":[{"href":"https:\/\/rma.legal\/en\/wp-json\/wp\/v2\/types\/page"}],"author":[{"embeddable":true,"href":"https:\/\/rma.legal\/en\/wp-json\/wp\/v2\/users\/2"}],"replies":[{"embeddable":true,"href":"https:\/\/rma.legal\/en\/wp-json\/wp\/v2\/comments?post=31456"}],"version-history":[{"count":10,"href":"https:\/\/rma.legal\/en\/wp-json\/wp\/v2\/pages\/31456\/revisions"}],"predecessor-version":[{"id":32198,"href":"https:\/\/rma.legal\/en\/wp-json\/wp\/v2\/pages\/31456\/revisions\/32198"}],"up":[{"embeddable":true,"href":"https:\/\/rma.legal\/en\/wp-json\/wp\/v2\/pages\/31517"}],"wp:attachment":[{"href":"https:\/\/rma.legal\/en\/wp-json\/wp\/v2\/media?parent=31456"}],"curies":[{"name":"wp","href":"https:\/\/api.w.org\/{rel}","templated":true}]}}