{"id":31484,"date":"2025-04-04T03:57:20","date_gmt":"2025-04-04T03:57:20","guid":{"rendered":"http:\/\/rma.legal\/politica-de-privadesa-i-avis-legal\/"},"modified":"2025-05-15T14:43:53","modified_gmt":"2025-05-15T14:43:53","slug":"politica-de-privadesa-i-avis-legal","status":"publish","type":"page","link":"https:\/\/rma.legal\/ca\/politica-de-privadesa-i-avis-legal\/","title":{"rendered":"Pol\u00edtica de privadesa i Av\u00eds legal"},"content":{"rendered":"\t\t<div data-elementor-type=\"wp-page\" data-elementor-id=\"31484\" class=\"elementor elementor-31484 elementor-29887\" data-elementor-post-type=\"page\">\n\t\t\t\t<div class=\"elementor-element elementor-element-6556c95e e-flex e-con-boxed e-con e-parent\" data-id=\"6556c95e\" data-element_type=\"container\">\n\t\t\t\t\t<div class=\"e-con-inner\">\n\t\t\t\t<div class=\"elementor-element elementor-element-640ceecd elementor-widget elementor-widget-text-editor\" data-id=\"640ceecd\" data-element_type=\"widget\" data-widget_type=\"text-editor.default\">\n\t\t\t\t<div class=\"elementor-widget-container\">\n\t\t\t\t\t\t\t\t\t<p><\/p>\n<h2 class=\"wp-block-heading\"><strong>POL\u00cdTICA DE PRIVACITAT<\/strong><\/h2>\n<p><\/p>\n<h3 class=\"wp-block-heading\"><strong>1. INFORMACI\u00d3 A L&#8217;USUARI<\/strong><\/h3>\n<p><\/p>\n<p>RMA.LEGAL d&#8217;ara endavant RESPONSABLE, \u00e9s el Responsable del tractament de les dades personals de l&#8217;Usuari i us informa que aquestes dades seran tractades de conformitat amb el que disposa el Reglament (UE) 2016\/679 de 27 d&#8217;abril (GDPR) i la Llei Org\u00e0nica 3\/2018 de 5 de desembre (LOPDGDD), per la informaci\u00f3 seg\u00fcent:<\/p>\n<p><\/p>\n<p><strong>Fi del tractament:<\/strong> mantenir una relaci\u00f3 comercial amb l&#8217;usuari. Les operacions previstes per realitzar el tractament s\u00f3n: <\/p>\n<p><\/p>\n<ul class=\"wp-block-list\"><p><\/p>\n<li>Remissi\u00f3 de comunicacions comercials publicit\u00e0ries per email, fax, SMS, MMS, comunitats socials o qualsevol altre mitj\u00e0 electr\u00f2nic o f\u00edsic, present o futur, que possibiliti fer comunicacions comercials. Aquestes comunicacions seran realitzades pel RESPONSABLE i relacionades sobre els seus productes i serveis, o dels seus col\u00b7laboradors o prove\u00efdors amb qu\u00e8 aquest hagi assolit algun acord de promoci\u00f3. En aquest cas, els tercers mai no tindran acc\u00e9s a les dades personals.  <\/li>\n<p><\/p>\n<li>Realitzar estudis estad\u00edstics.<\/li>\n<p><\/p>\n<li>Tramitar enc\u00e0rrecs, sol\u00b7licituds o qualsevol tipus de petici\u00f3 que sigui realitzada per l&#8217;usuari a trav\u00e9s de qualsevol de les formes de contacte que es posen a la vostra disposici\u00f3.<\/li>\n<p><\/p>\n<li>Remetre el butllet\u00ed de not\u00edcies de la p\u00e0gina web.<\/li>\n<p><\/p><\/ul>\n<p><\/p>\n<p><strong>Base jur\u00eddica del tractament<\/strong> : consentiment de l&#8217;interessat.<\/p>\n<p><\/p>\n<p><strong>Criteris de conservaci\u00f3 de les dades<\/strong> : es conservaran durant no m\u00e9s temps del necessari per mantenir la fi del tractament i quan ja no sigui necessari per a tal fi, se suprimiran amb mesures de seguretat adequades per garantir la pseudonimitzaci\u00f3 de les dades o la destrucci\u00f3 total de les dades.<\/p>\n<p><\/p>\n<p><strong>Comunicaci\u00f3 de les dades<\/strong> : No es comunicaran les dades a tercers, excepte obligaci\u00f3 legal.<\/p>\n<p><\/p>\n<p><strong>Drets que assisteixen a l&#8217;Usuari<\/strong> :<\/p>\n<p><\/p>\n<ul class=\"wp-block-list\"><p><\/p>\n<li>Dret a retirar el consentiment en qualsevol moment.<\/li>\n<p><\/p>\n<li>Dret d&#8217;acc\u00e9s, rectificaci\u00f3, portabilitat i supressi\u00f3 de les vostres dades ia la limitaci\u00f3 o oposici\u00f3 al tractament.<\/li>\n<p><\/p>\n<li>Dret a presentar una reclamaci\u00f3 davant de l&#8217;autoritat de control (www.aepd.es) si considera que el tractament no s&#8217;ajusta a la normativa vigent.<\/li>\n<p><\/p><\/ul>\n<p><\/p>\n<p><strong>Dades de contacte per exercir els seus drets<\/strong> :<\/p>\n<p><\/p>\n<p>RMA.LEGAL<\/p>\n<p><\/p>\n<p>Gran Via Marqu\u00e8s del T\u00faria, 49, 6\u00e8-3a, 46005 Val\u00e8ncia.<\/p>\n<p><\/p>\n<p>advocats@rma.legal<\/p>\n<p><\/p>\n<h3 class=\"wp-block-heading\"><strong>2. CAR\u00c0CTER OBLIGATORI O FACULTATIU DE LA INFORMACI\u00d3 FACILITADA PER L&#8217;USUARI<\/strong><\/h3>\n<p><\/p>\n<p>Els Usuaris, mitjan\u00e7ant la marcaci\u00f3 de les caselles corresponents i entrada de dades als camps, marcats amb un asterisc (*) al formulari de contacte o presentats en formularis de desc\u00e0rrega, accepten expressament i de forma lliure i inequ\u00edvoca, que les seves dades s\u00f3n necess\u00e0ries per atendre la seva petici\u00f3, per part del prestador, sent volunt\u00e0ria la inclusi\u00f3 de dades en els camps. L&#8217;Usuari garanteix que les dades personals facilitades al RESPONSABLE s\u00f3n veraces i es fa responsable de comunicar-ne qualsevol modificaci\u00f3. <\/p>\n<p><\/p>\n<p>El RESPONSABLE informa i garanteix expressament als usuaris que les seves dades personals no seran cedides en cap cas a tercers, i que sempre que realitz\u00e9s algun tipus de cessi\u00f3 de dades personals, es demanar\u00e0 pr\u00e8viament el consentiment expr\u00e9s, informat i inequ\u00edvoc per part dels usuaris. Totes les dades sol\u00b7licitades a trav\u00e9s del lloc web s\u00f3n obligat\u00f2ries, ja que s\u00f3n necess\u00e0ries per a la prestaci\u00f3 d&#8217;un servei \u00f2ptim a l&#8217;usuari. En cas que no siguin facilitades totes les dades, no es garanteix que la informaci\u00f3 i els serveis facilitats siguin completament ajustats a les seves necessitats.  <\/p>\n<p><\/p>\n<h3 class=\"wp-block-heading\"><strong>3. MESURES DE SEGURETAT<\/strong><\/h3>\n<p><\/p>\n<p>Que de conformitat amb el que disposen les normatives vigents en protecci\u00f3 de dades personals, el RESPONSABLE est\u00e0 complint amb totes les disposicions de les normatives GDPR per al tractament de les dades personals de la seva responsabilitat, i manifestament amb els principis descrits a l&#8217;article 5 del GDPR, pels quals s\u00f3n tractats de manera l\u00edcita, lleial i transparent en relaci\u00f3 amb l&#8217;interessat i adequat que s\u00f3n tractats.<\/p>\n<p><\/p>\n<p>El RESPONSABLE garanteix que ha implementat pol\u00edtiques t\u00e8cniques i organitzatives apropiades per aplicar les mesures de seguretat que estableixen el GDPR per tal de protegir els drets i les llibertats dels Usuaris i els ha comunicat la informaci\u00f3 adequada perqu\u00e8 puguin exercir-los.<\/p>\n<p><\/p>\n<p>Pol\u00edtica de Privadesa vigent des de 03 d&#8217;abril del 2025<\/p>\n<p><\/p>\n<h2 class=\"wp-block-heading\"><strong>AV\u00cdS LEGAL<\/strong><\/h2>\n<p><\/p>\n<h3 class=\"wp-block-heading\"><strong>LLEI DELS SERVEIS DE LA SOCIETAT DE LA INFORMACI\u00d3 (LSSI)<\/strong><\/h3>\n<p><\/p>\n<p class=\"wp-block-heading\">LA RMA.LEGAL , responsable del lloc web, d&#8217;ara endavant RESPONSABLE, posa a disposici\u00f3 dels usuaris el present document, amb el qual pret\u00e9n donar compliment a les obligacions disposades en la Llei 34\/2002, d&#8217;11 de juliol, de Serveis de la Societat de la Informaci\u00f3 i de Comer\u00e7 Electr\u00f2nic (LSSICE), BOE N\u00ba 166, aix\u00ed com<\/p>\n<p><\/p>\n<p class=\"wp-block-heading\">Tota persona que accedeixi a aquest lloc web assumeix el paper d&#8217;usuari, comprometent-se a l&#8217;observan\u00e7a i el compliment rigor\u00f3s de les disposicions aqu\u00ed disposades, aix\u00ed com a qualsevol altra disposici\u00f3 legal que sigui aplicable.<\/p>\n<p><\/p>\n<p>LA RMA.LEGAL es reserva el dret de modificar qualsevol tipus d&#8217;informaci\u00f3 que pogu\u00e9s apar\u00e8ixer al lloc web, sense que hi hagi obligaci\u00f3 de preavisar o posar en coneixement dels usuaris aquestes obligacions, entenent-se com suficient amb la publicaci\u00f3 al lloc web.<\/p>\n<p><\/p>\n<p><strong>1. DADES IDENTIFICATIVES<\/strong><\/p>\n<p><\/p>\n<p>Nom de domini: RMA.LEGAL<\/p>\n<p><\/p>\n<p>Nom comercial: RMA.LEGAL<\/p>\n<p><\/p>\n<p>Denominaci\u00f3 social: RMA.LEGAL<\/p>\n<p><\/p>\n<p>NIF: B98958747<\/p>\n<p><\/p>\n<p>Domicili social: Gran Via Marqu\u00e8s del T\u00faria, 49, 6\u00e8-3a, 46005 Val\u00e8ncia.<\/p>\n<p><\/p>\n<p>Tel\u00e8fon: +34932111441<\/p>\n<p><\/p>\n<p>e-mail: advocats@rma.legal<\/p>\n<p><\/p>\n<p><strong>2. DRETS DE PROPIETAT INTEL\u00b7LECTUAL I INDUSTRIAL<\/strong><\/p>\n<p><\/p>\n<p>El lloc web, incloent-hi a t\u00edtol enunciatiu, per\u00f2 no limitatiu la seva programaci\u00f3, edici\u00f3, compilaci\u00f3 i altres elements necessaris per al seu funcionament, els dissenys, logotips, text i\/o gr\u00e0fics, s\u00f3n propietat del RESPONSABLE o, si escau, disposa de llic\u00e8ncia o autoritzaci\u00f3 expressa per part dels autors. Tots els continguts del lloc web es troben degudament protegits per la normativa de propietat intel\u00b7lectual i industrial, aix\u00ed com inscrits als registres p\u00fablics corresponents. <\/p>\n<p><\/p>\n<p>Independentment de la finalitat per a la qual fossin destinats, la reproducci\u00f3 total o parcial, \u00fas, explotaci\u00f3, distribuci\u00f3 i comercialitzaci\u00f3 requereix en tot cas l&#8217;autoritzaci\u00f3 escrita pr\u00e8via per part del RESPONSABLE. Qualsevol \u00fas no autoritzat pr\u00e8viament es considera un incompliment greu dels drets de propietat intel\u00b7lectual o industrial de lautor. <\/p>\n<p><\/p>\n<p>Els dissenys, logotips, text i\/o gr\u00e0fics aliens al RESPONSABLE i que poguessin apar\u00e8ixer al lloc web, pertanyen als seus respectius propietaris, sent ells mateixos responsables de qualsevol possible controv\u00e8rsia que pogu\u00e9s suscitar-se respecte a aquests. El RESPONSABLE autoritza expressament que tercers puguin redirigir directament als continguts concrets del lloc web, i en tot cas redirigir al lloc web principal de RMA.LEGAL <\/p>\n<p><\/p>\n<p>El RESPONSABLE reconeix a favor dels seus titulars els corresponents drets de propietat intel\u00b7lectual i industrial, i no implica la seva sola menci\u00f3 o aparici\u00f3 al lloc web l&#8217;exist\u00e8ncia de drets o responsabilitat sobre aquests, com tampoc suport, patrocini o recomanaci\u00f3 per part del mateix.<\/p>\n<p><\/p>\n<p>Per fer qualsevol tipus d&#8217;observaci\u00f3 respecte a possibles incompliments dels drets de propietat intel\u00b7lectual o industrial, aix\u00ed com sobre qualsevol dels continguts del lloc web, podeu fer-ho a trav\u00e9s del correu electr\u00f2nic advocats@rma.legal<\/p>\n<p><\/p>\n<p><strong>3. EXEMPCI\u00d3 DE RESPONSABILITATS<\/strong><\/p>\n<p><\/p>\n<p>El RESPONSABLE s&#8217;eximeix de qualsevol tipus de responsabilitat derivada de la informaci\u00f3 publicada al vostre lloc web, sempre que aquesta informaci\u00f3 hagi estat manipulada o introdu\u00efda per un tercer ali\u00e8 al mateix.<\/p>\n<p><\/p>\n<p><strong>\u00das de galetes<\/strong><\/p>\n<p><\/p>\n<p>Aquest lloc web pot utilitzar cookies t\u00e8cniques (petits arxius dinformaci\u00f3 que el servidor envia a lordinador de qui accedeix a la p\u00e0gina) per dur a terme determinades funcions que s\u00f3n considerades imprescindibles per al correcte funcionament i visualitzaci\u00f3 del lloc. Les galetes utilitzades tenen, en tot cas, car\u00e0cter temporal, amb l&#8217;\u00fanica finalitat de fer m\u00e9s efica\u00e7 la navegaci\u00f3, i desapareixen en acabar la sessi\u00f3 de l&#8217;usuari. En cap cas, aquestes galetes proporcionen per si mateixes dades de car\u00e0cter personal i no s&#8217;utilitzaran per a la recollida dels mateixos.  <\/p>\n<p><\/p>\n<p>L&#8217;usuari t\u00e9 la possibilitat de configurar el vostre navegador per ser alertat de la recepci\u00f3 de cookies i per impedir la seva instal\u00b7laci\u00f3 al vostre equip. Si us plau, consulteu les instruccions del vostre navegador per ampliar aquesta informaci\u00f3. <\/p>\n<p><\/p>\n<p><strong>Podeu consultar la pol\u00edtica de cookies completa aqu\u00ed:<\/strong> <a href=\"https:\/\/www.labruixa.es\/politica-de-cookies\/\"><strong>POL\u00cdTICA DE COOKIES<\/strong><\/a><\/p>\n<p><\/p>\n<p><strong>Pol\u00edtica d&#8217;enlla\u00e7os<\/strong><\/p>\n<p><\/p>\n<p>Des del lloc web, \u00e9s possible que es redirigeixi a continguts de tercers llocs web. At\u00e8s que el RESPONSABLE no pot controlar sempre els continguts introdu\u00efts pels tercers als seus respectius llocs web, no assumeix cap tipus de responsabilitat respecte a aquests continguts. En tot cas, procedir\u00e0 a la retirada immediata de qualsevol contingut que pogu\u00e9s contravenir la legislaci\u00f3 nacional o internacional, la moral o l&#8217;ordre p\u00fablic, procedint a la retirada immediata de la redirecci\u00f3 a aquest lloc web, posant en coneixement de les autoritats competents el contingut en q\u00fcesti\u00f3.  <\/p>\n<p><\/p>\n<p>El RESPONSABLE no es fa responsable de la informaci\u00f3 i continguts emmagatzemats, a t\u00edtol enunciatiu per\u00f2 no limitatiu, en f\u00f2rums, xats, generadors de blocs, comentaris, xarxes socials o qualsevol altre mitj\u00e0 que permeti a tercers publicar continguts de forma independent a la p\u00e0gina web del RESPONSABLE No obstant, i en compliment del que disposen els articles 11 i 16 de la col\u00b7laborant de forma activa en la retirada o, si escau, bloqueig de tots aquells continguts que puguin afectar o contravenir la legislaci\u00f3 nacional o internacional, els drets de tercers o la moral i l&#8217;ordre p\u00fablic.  <\/p>\n<p><\/p>\n<p>Aquest lloc web ha estat revisat i provat perqu\u00e8 funcioni correctament. En principi, es pot garantir el funcionament correcte els 365 dies de l&#8217;any, 24 hores al dia. Tot i aix\u00f2, el RESPONSABLE no descarta la possibilitat que hi hagi certs errors de programaci\u00f3, o que esdevinguin causes de for\u00e7a major, cat\u00e0strofes naturals, vagues o circumst\u00e0ncies semblants que facin impossible l&#8217;acc\u00e9s a la p\u00e0gina web.  <\/p>\n<p><\/p>\n<p><strong>4. LLEI APLICABLE I JURISDICCI\u00d3<\/strong><\/p>\n<p><\/p>\n<p>Per a la resoluci\u00f3 de totes les controv\u00e8rsies o q\u00fcestions relacionades amb aquest lloc web o de les activitats que s&#8217;hi desenvolupin, ser\u00e0 aplicable la legislaci\u00f3 espanyola, a la qual se sotmeten expressament les parts, sent competents per a la resoluci\u00f3 de tots els conflictes derivats o relacionats amb el seu \u00fas els Jutjats i Tribunals m\u00e9s propers a Barcelona. Aquest av\u00eds legal \u00e9s vigent des del 03 d&#8217;abril del 2025. <\/p>\n<p><\/p>\t\t\t\t\t\t\t\t<\/div>\n\t\t\t\t<\/div>\n\t\t\t\t\t<\/div>\n\t\t\t\t<\/div>\n\t\t\t\t<\/div>\n\t\t","protected":false},"excerpt":{"rendered":"<p>POL\u00cdTICA DE PRIVACITAT 1. INFORMACI\u00d3 A L&#8217;USUARI RMA.LEGAL d&#8217;ara endavant RESPONSABLE, \u00e9s el Responsable del tractament de les dades personals de l&#8217;Usuari i us informa que aquestes dades seran tractades de conformitat amb el que disposa el Reglament (UE) 2016\/679 de 27 d&#8217;abril (GDPR) i la Llei Org\u00e0nica 3\/2018 de 5 de desembre (LOPDGDD), per [&hellip;]<\/p>\n","protected":false},"author":2,"featured_media":0,"parent":0,"menu_order":0,"comment_status":"closed","ping_status":"closed","template":"","meta":{"footnotes":""},"class_list":["post-31484","page","type-page","status-publish","hentry"],"yoast_head":"<!-- This site is optimized with the Yoast SEO plugin v25.9 - https:\/\/yoast.com\/wordpress\/plugins\/seo\/ -->\n<title>Pol\u00edtica de privadesa i Av\u00eds legal - RMA Advocats<\/title>\n<meta name=\"robots\" content=\"index, follow, max-snippet:-1, max-image-preview:large, max-video-preview:-1\" \/>\n<link rel=\"canonical\" href=\"https:\/\/rma.legal\/ca\/politica-de-privadesa-i-avis-legal\/\" \/>\n<meta property=\"og:locale\" content=\"ca_ES\" \/>\n<meta property=\"og:type\" content=\"article\" \/>\n<meta property=\"og:title\" content=\"Pol\u00edtica de privadesa i Av\u00eds legal - RMA Advocats\" \/>\n<meta property=\"og:description\" content=\"POL\u00cdTICA DE PRIVACITAT 1. INFORMACI\u00d3 A L&#8217;USUARI RMA.LEGAL d&#8217;ara endavant RESPONSABLE, \u00e9s el Responsable del tractament de les dades personals de l&#8217;Usuari i us informa que aquestes dades seran tractades de conformitat amb el que disposa el Reglament (UE) 2016\/679 de 27 d&#8217;abril (GDPR) i la Llei Org\u00e0nica 3\/2018 de 5 de desembre (LOPDGDD), per [&hellip;]\" \/>\n<meta property=\"og:url\" content=\"https:\/\/rma.legal\/ca\/politica-de-privadesa-i-avis-legal\/\" \/>\n<meta property=\"og:site_name\" content=\"RMA Advocats\" \/>\n<meta property=\"article:modified_time\" content=\"2025-05-15T14:43:53+00:00\" \/>\n<meta name=\"twitter:card\" content=\"summary_large_image\" \/>\n<meta name=\"twitter:label1\" content=\"Temps estimat de lectura\" \/>\n\t<meta name=\"twitter:data1\" content=\"8 minuts\" \/>\n<script type=\"application\/ld+json\" class=\"yoast-schema-graph\">{\"@context\":\"https:\/\/schema.org\",\"@graph\":[{\"@type\":\"WebPage\",\"@id\":\"https:\/\/rma.legal\/ca\/politica-de-privadesa-i-avis-legal\/\",\"url\":\"https:\/\/rma.legal\/ca\/politica-de-privadesa-i-avis-legal\/\",\"name\":\"Pol\u00edtica de privadesa i Av\u00eds legal - RMA Advocats\",\"isPartOf\":{\"@id\":\"https:\/\/rma.legal\/ca\/#website\"},\"datePublished\":\"2025-04-04T03:57:20+00:00\",\"dateModified\":\"2025-05-15T14:43:53+00:00\",\"breadcrumb\":{\"@id\":\"https:\/\/rma.legal\/ca\/politica-de-privadesa-i-avis-legal\/#breadcrumb\"},\"inLanguage\":\"ca\",\"potentialAction\":[{\"@type\":\"ReadAction\",\"target\":[\"https:\/\/rma.legal\/ca\/politica-de-privadesa-i-avis-legal\/\"]}]},{\"@type\":\"BreadcrumbList\",\"@id\":\"https:\/\/rma.legal\/ca\/politica-de-privadesa-i-avis-legal\/#breadcrumb\",\"itemListElement\":[{\"@type\":\"ListItem\",\"position\":1,\"name\":\"Portada\",\"item\":\"https:\/\/rma.legal\/ca\/\"},{\"@type\":\"ListItem\",\"position\":2,\"name\":\"Pol\u00edtica de privadesa i Av\u00eds legal\"}]},{\"@type\":\"WebSite\",\"@id\":\"https:\/\/rma.legal\/ca\/#website\",\"url\":\"https:\/\/rma.legal\/ca\/\",\"name\":\"RMA Advocats\",\"description\":\"RMA Legal Advocats\",\"publisher\":{\"@id\":\"https:\/\/rma.legal\/ca\/#organization\"},\"potentialAction\":[{\"@type\":\"SearchAction\",\"target\":{\"@type\":\"EntryPoint\",\"urlTemplate\":\"https:\/\/rma.legal\/ca\/?s={search_term_string}\"},\"query-input\":{\"@type\":\"PropertyValueSpecification\",\"valueRequired\":true,\"valueName\":\"search_term_string\"}}],\"inLanguage\":\"ca\"},{\"@type\":\"Organization\",\"@id\":\"https:\/\/rma.legal\/ca\/#organization\",\"name\":\"RMA Advocats\",\"url\":\"https:\/\/rma.legal\/ca\/\",\"logo\":{\"@type\":\"ImageObject\",\"inLanguage\":\"ca\",\"@id\":\"https:\/\/rma.legal\/ca\/#\/schema\/logo\/image\/\",\"url\":\"https:\/\/rma.legal\/wp-content\/uploads\/2025\/02\/Logo-rma-legal-invertido-footer-c-1.png\",\"contentUrl\":\"https:\/\/rma.legal\/wp-content\/uploads\/2025\/02\/Logo-rma-legal-invertido-footer-c-1.png\",\"width\":300,\"height\":125,\"caption\":\"RMA Advocats\"},\"image\":{\"@id\":\"https:\/\/rma.legal\/ca\/#\/schema\/logo\/image\/\"}}]}<\/script>\n<!-- \/ Yoast SEO plugin. -->","yoast_head_json":{"title":"Pol\u00edtica de privadesa i Av\u00eds legal - RMA Advocats","robots":{"index":"index","follow":"follow","max-snippet":"max-snippet:-1","max-image-preview":"max-image-preview:large","max-video-preview":"max-video-preview:-1"},"canonical":"https:\/\/rma.legal\/ca\/politica-de-privadesa-i-avis-legal\/","og_locale":"ca_ES","og_type":"article","og_title":"Pol\u00edtica de privadesa i Av\u00eds legal - RMA Advocats","og_description":"POL\u00cdTICA DE PRIVACITAT 1. INFORMACI\u00d3 A L&#8217;USUARI RMA.LEGAL d&#8217;ara endavant RESPONSABLE, \u00e9s el Responsable del tractament de les dades personals de l&#8217;Usuari i us informa que aquestes dades seran tractades de conformitat amb el que disposa el Reglament (UE) 2016\/679 de 27 d&#8217;abril (GDPR) i la Llei Org\u00e0nica 3\/2018 de 5 de desembre (LOPDGDD), per [&hellip;]","og_url":"https:\/\/rma.legal\/ca\/politica-de-privadesa-i-avis-legal\/","og_site_name":"RMA Advocats","article_modified_time":"2025-05-15T14:43:53+00:00","twitter_card":"summary_large_image","twitter_misc":{"Temps estimat de lectura":"8 minuts"},"schema":{"@context":"https:\/\/schema.org","@graph":[{"@type":"WebPage","@id":"https:\/\/rma.legal\/ca\/politica-de-privadesa-i-avis-legal\/","url":"https:\/\/rma.legal\/ca\/politica-de-privadesa-i-avis-legal\/","name":"Pol\u00edtica de privadesa i Av\u00eds legal - RMA Advocats","isPartOf":{"@id":"https:\/\/rma.legal\/ca\/#website"},"datePublished":"2025-04-04T03:57:20+00:00","dateModified":"2025-05-15T14:43:53+00:00","breadcrumb":{"@id":"https:\/\/rma.legal\/ca\/politica-de-privadesa-i-avis-legal\/#breadcrumb"},"inLanguage":"ca","potentialAction":[{"@type":"ReadAction","target":["https:\/\/rma.legal\/ca\/politica-de-privadesa-i-avis-legal\/"]}]},{"@type":"BreadcrumbList","@id":"https:\/\/rma.legal\/ca\/politica-de-privadesa-i-avis-legal\/#breadcrumb","itemListElement":[{"@type":"ListItem","position":1,"name":"Portada","item":"https:\/\/rma.legal\/ca\/"},{"@type":"ListItem","position":2,"name":"Pol\u00edtica de privadesa i Av\u00eds legal"}]},{"@type":"WebSite","@id":"https:\/\/rma.legal\/ca\/#website","url":"https:\/\/rma.legal\/ca\/","name":"RMA Advocats","description":"RMA Legal Advocats","publisher":{"@id":"https:\/\/rma.legal\/ca\/#organization"},"potentialAction":[{"@type":"SearchAction","target":{"@type":"EntryPoint","urlTemplate":"https:\/\/rma.legal\/ca\/?s={search_term_string}"},"query-input":{"@type":"PropertyValueSpecification","valueRequired":true,"valueName":"search_term_string"}}],"inLanguage":"ca"},{"@type":"Organization","@id":"https:\/\/rma.legal\/ca\/#organization","name":"RMA Advocats","url":"https:\/\/rma.legal\/ca\/","logo":{"@type":"ImageObject","inLanguage":"ca","@id":"https:\/\/rma.legal\/ca\/#\/schema\/logo\/image\/","url":"https:\/\/rma.legal\/wp-content\/uploads\/2025\/02\/Logo-rma-legal-invertido-footer-c-1.png","contentUrl":"https:\/\/rma.legal\/wp-content\/uploads\/2025\/02\/Logo-rma-legal-invertido-footer-c-1.png","width":300,"height":125,"caption":"RMA Advocats"},"image":{"@id":"https:\/\/rma.legal\/ca\/#\/schema\/logo\/image\/"}}]}},"_links":{"self":[{"href":"https:\/\/rma.legal\/ca\/wp-json\/wp\/v2\/pages\/31484","targetHints":{"allow":["GET"]}}],"collection":[{"href":"https:\/\/rma.legal\/ca\/wp-json\/wp\/v2\/pages"}],"about":[{"href":"https:\/\/rma.legal\/ca\/wp-json\/wp\/v2\/types\/page"}],"author":[{"embeddable":true,"href":"https:\/\/rma.legal\/ca\/wp-json\/wp\/v2\/users\/2"}],"replies":[{"embeddable":true,"href":"https:\/\/rma.legal\/ca\/wp-json\/wp\/v2\/comments?post=31484"}],"version-history":[{"count":3,"href":"https:\/\/rma.legal\/ca\/wp-json\/wp\/v2\/pages\/31484\/revisions"}],"predecessor-version":[{"id":31494,"href":"https:\/\/rma.legal\/ca\/wp-json\/wp\/v2\/pages\/31484\/revisions\/31494"}],"wp:attachment":[{"href":"https:\/\/rma.legal\/ca\/wp-json\/wp\/v2\/media?parent=31484"}],"curies":[{"name":"wp","href":"https:\/\/api.w.org\/{rel}","templated":true}]}}